{"id":210,"date":"2024-07-10T11:07:54","date_gmt":"2024-07-10T09:07:54","guid":{"rendered":"https:\/\/2024.crtt.net\/imagerie-medicale\/?page_id=210"},"modified":"2024-10-24T13:25:06","modified_gmt":"2024-10-24T11:25:06","slug":"equipe-administrative","status":"publish","type":"page","link":"https:\/\/crtt.net\/imagerie-medicale\/presentation-du-crtt\/equipe-administrative\/","title":{"rendered":"Equipe administrative"},"content":{"rendered":"\t\t<div data-elementor-type=\"wp-page\" data-elementor-id=\"210\" class=\"elementor elementor-210\" data-elementor-post-type=\"page\">\n\t\t\t\t<div class=\"elementor-element elementor-element-5e54e3b e-con-full e-flex e-con e-parent\" data-id=\"5e54e3b\" data-element_type=\"container\">\n\t\t\t\t<div class=\"elementor-element elementor-element-5d3233b elementor-widget elementor-widget-heading\" data-id=\"5d3233b\" data-element_type=\"widget\" data-widget_type=\"heading.default\">\n\t\t\t\t<div class=\"elementor-widget-container\">\n\t\t\t\t\t<h2 class=\"elementor-heading-title elementor-size-default\">Equipe administrative<\/h2>\t\t\t\t<\/div>\n\t\t\t\t<\/div>\n\t\t\t\t<\/div>\n\t\t<div class=\"elementor-element elementor-element-951ca3f e-con-full e-flex e-con e-parent\" data-id=\"951ca3f\" data-element_type=\"container\">\n\t\t<div class=\"elementor-element elementor-element-04f5dd2 e-con-full e-flex e-con e-child\" data-id=\"04f5dd2\" data-element_type=\"container\">\n\t\t\t\t<div class=\"elementor-element elementor-element-79098e9 elementor-widget elementor-widget-text-editor\" data-id=\"79098e9\" data-element_type=\"widget\" data-widget_type=\"text-editor.default\">\n\t\t\t\t<div class=\"elementor-widget-container\">\n\t\t\t\t\t\t\t\t\t<p>Dirig\u00e9e par <strong>M. Jean-Marc Naillou<\/strong>, il est disponible pour vous aider dans vos d\u00e9marches administratives.<\/p>\n<p>Vous pouvez le contacter par courrier, t\u00e9l\u00e9phone ou e-mail.<\/p>\n<p><strong>CRTT &#8211; Imagerie M\u00e9dicale<\/strong><br>\u00e0 l\u2019attention de M. Jean-Marc Naillou<br>7 bis B rue de la porte de Buc<br>78000 Versailles<br>T\u00e9l : 01&nbsp;71&nbsp;59&nbsp;52&nbsp;00<\/p>\t\t\t\t\t\t\t\t<\/div>\n\t\t\t\t<\/div>\n\t\t\t\t<div class=\"elementor-element elementor-element-9633b6b elementor-widget elementor-widget-form\" data-id=\"9633b6b\" data-element_type=\"widget\" data-settings=\"{&quot;button_width&quot;:&quot;50&quot;,&quot;step_next_label&quot;:&quot;Suivant&quot;,&quot;step_previous_label&quot;:&quot;Pr\\u00e9c\\u00e9dent&quot;,&quot;step_type&quot;:&quot;number_text&quot;,&quot;step_icon_shape&quot;:&quot;circle&quot;}\" data-widget_type=\"form.default\">\n\t\t\t\t<div class=\"elementor-widget-container\">\n\t\t\t\t\t\t\t<form class=\"elementor-form\" method=\"post\" name=\"Nouveau formulaire\" aria-label=\"Nouveau formulaire\">\n\t\t\t<input type=\"hidden\" name=\"post_id\" value=\"210\"\/>\n\t\t\t<input type=\"hidden\" name=\"form_id\" value=\"9633b6b\"\/>\n\t\t\t<input type=\"hidden\" name=\"referer_title\" value=\"Equipe administrative - CRTT - imagerie m\u00e9dicale\" \/>\n\n\t\t\t\t\t\t\t<input type=\"hidden\" name=\"queried_id\" value=\"210\"\/>\n\t\t\t\n\t\t\t<div class=\"elementor-form-fields-wrapper elementor-labels-above\">\n\t\t\t\t\t\t\t\t<div class=\"elementor-field-type-text elementor-field-group elementor-column elementor-field-group-name elementor-col-100\">\n\t\t\t\t\t\t\t\t\t\t\t\t<label for=\"form-field-name\" class=\"elementor-field-label\">\n\t\t\t\t\t\t\t\tNom\t\t\t\t\t\t\t<\/label>\n\t\t\t\t\t\t\t\t\t\t\t\t\t\t<input size=\"1\" type=\"text\" name=\"form_fields[name]\" id=\"form-field-name\" class=\"elementor-field elementor-size-xs  elementor-field-textual\" placeholder=\"Nom\">\n\t\t\t\t\t\t\t\t\t\t\t<\/div>\n\t\t\t\t\t\t\t\t<div class=\"elementor-field-type-email elementor-field-group elementor-column elementor-field-group-email elementor-col-100 elementor-field-required\">\n\t\t\t\t\t\t\t\t\t\t\t\t<label for=\"form-field-email\" class=\"elementor-field-label\">\n\t\t\t\t\t\t\t\tE-mail\t\t\t\t\t\t\t<\/label>\n\t\t\t\t\t\t\t\t\t\t\t\t\t\t<input size=\"1\" type=\"email\" name=\"form_fields[email]\" id=\"form-field-email\" class=\"elementor-field elementor-size-xs  elementor-field-textual\" placeholder=\"E-mail\" required=\"required\">\n\t\t\t\t\t\t\t\t\t\t\t<\/div>\n\t\t\t\t\t\t\t\t<div class=\"elementor-field-type-text elementor-field-group elementor-column elementor-field-group-field_2f84f86 elementor-col-100\">\n\t\t\t\t\t\t\t\t\t\t\t\t<label for=\"form-field-field_2f84f86\" class=\"elementor-field-label\">\n\t\t\t\t\t\t\t\tObjet du Message\t\t\t\t\t\t\t<\/label>\n\t\t\t\t\t\t\t\t\t\t\t\t\t\t<input size=\"1\" type=\"text\" name=\"form_fields[field_2f84f86]\" id=\"form-field-field_2f84f86\" class=\"elementor-field elementor-size-xs  elementor-field-textual\" placeholder=\"Objet du Message\">\n\t\t\t\t\t\t\t\t\t\t\t<\/div>\n\t\t\t\t\t\t\t\t<div class=\"elementor-field-type-textarea elementor-field-group elementor-column elementor-field-group-message elementor-col-100\">\n\t\t\t\t\t\t\t\t\t\t\t\t<label for=\"form-field-message\" class=\"elementor-field-label\">\n\t\t\t\t\t\t\t\tMessage\t\t\t\t\t\t\t<\/label>\n\t\t\t\t\t\t<textarea class=\"elementor-field-textual elementor-field  elementor-size-xs\" name=\"form_fields[message]\" id=\"form-field-message\" rows=\"4\" placeholder=\"Message\"><\/textarea>\t\t\t\t<\/div>\n\t\t\t\t\t\t\t\t<div class=\"elementor-field-type-text\">\n\t\t\t\t\t<input size=\"1\" type=\"text\" name=\"form_fields[field_a83bfd3]\" id=\"form-field-field_a83bfd3\" class=\"elementor-field elementor-size-xs \" style=\"display:none !important;\">\t\t\t\t<\/div>\n\t\t\t\t\t\t\t\t<div class=\"elementor-field-type-recaptcha_v3 elementor-field-group elementor-column elementor-field-group-field_9d6146c elementor-col-100 recaptcha_v3-bottomleft\">\n\t\t\t\t\t<div class=\"elementor-field\" id=\"form-field-field_9d6146c\"><div class=\"elementor-g-recaptcha\" data-sitekey=\"6LfQ2GoqAAAAACerIcJYV_YJPrde3FbsUpuwEdZX\" data-type=\"v3\" data-action=\"Form\" data-badge=\"bottomleft\" data-size=\"invisible\"><\/div><\/div>\t\t\t\t<\/div>\n\t\t\t\t\t\t\t\t<div class=\"elementor-field-group elementor-column elementor-field-type-submit elementor-col-50 e-form__buttons\">\n\t\t\t\t\t<button class=\"elementor-button elementor-size-xs\" type=\"submit\">\n\t\t\t\t\t\t<span class=\"elementor-button-content-wrapper\">\n\t\t\t\t\t\t\t\t\t\t\t\t\t\t\t\t\t\t\t\t\t\t<span class=\"elementor-button-text\">Envoyer<\/span>\n\t\t\t\t\t\t\t\t\t\t\t\t\t<\/span>\n\t\t\t\t\t<\/button>\n\t\t\t\t<\/div>\n\t\t\t<\/div>\n\t\t<\/form>\n\t\t\t\t\t\t<\/div>\n\t\t\t\t<\/div>\n\t\t\t\t<\/div>\n\t\t<div class=\"elementor-element elementor-element-a5f6606 e-con-full e-flex e-con e-child\" data-id=\"a5f6606\" data-element_type=\"container\">\n\t\t\t\t<div class=\"elementor-element elementor-element-38b222d elementor-widget elementor-widget-image\" data-id=\"38b222d\" data-element_type=\"widget\" data-widget_type=\"image.default\">\n\t\t\t\t<div class=\"elementor-widget-container\">\n\t\t\t\t\t\t\t\t\t\t\t\t\t\t\t<img fetchpriority=\"high\" decoding=\"async\" width=\"381\" height=\"571\" src=\"https:\/\/crtt.net\/imagerie-medicale\/wp-content\/uploads\/sites\/2\/2024\/09\/equipe-administrative.jpg\" class=\"attachment-large size-large wp-image-466\" alt=\"Equipe administrative CRTT Imagerie\" srcset=\"https:\/\/crtt.net\/imagerie-medicale\/wp-content\/uploads\/sites\/2\/2024\/09\/equipe-administrative.jpg 381w, https:\/\/crtt.net\/imagerie-medicale\/wp-content\/uploads\/sites\/2\/2024\/09\/equipe-administrative-200x300.jpg 200w\" sizes=\"(max-width: 381px) 100vw, 381px\" title=\"|\">\t\t\t\t\t\t\t\t\t\t\t\t\t\t\t<\/div>\n\t\t\t\t<\/div>\n\t\t\t\t<\/div>\n\t\t\t\t<\/div>\n\t\t\t\t<\/div>\n\t\t","protected":false},"excerpt":{"rendered":"<p>Equipe administrative Dirig\u00e9e par M. Jean-Marc Naillou, il est disponible pour vous aider dans vos d\u00e9marches administratives. Vous pouvez le contacter par courrier, t\u00e9l\u00e9phone ou e-mail. CRTT &#8211; Imagerie M\u00e9dicale\u00e0 l\u2019attention de M. Jean-Marc Naillou7 bis B rue de la porte de Buc78000 VersaillesT\u00e9l : 01&nbsp;71&nbsp;59&nbsp;52&nbsp;00<\/p>\n","protected":false},"author":1,"featured_media":0,"parent":206,"menu_order":0,"comment_status":"closed","ping_status":"closed","template":"","meta":{"footnotes":""},"class_list":["post-210","page","type-page","status-publish","hentry"],"_links":{"self":[{"href":"https:\/\/crtt.net\/imagerie-medicale\/wp-json\/wp\/v2\/pages\/210","targetHints":{"allow":["GET"]}}],"collection":[{"href":"https:\/\/crtt.net\/imagerie-medicale\/wp-json\/wp\/v2\/pages"}],"about":[{"href":"https:\/\/crtt.net\/imagerie-medicale\/wp-json\/wp\/v2\/types\/page"}],"author":[{"embeddable":true,"href":"https:\/\/crtt.net\/imagerie-medicale\/wp-json\/wp\/v2\/users\/1"}],"replies":[{"embeddable":true,"href":"https:\/\/crtt.net\/imagerie-medicale\/wp-json\/wp\/v2\/comments?post=210"}],"version-history":[{"count":28,"href":"https:\/\/crtt.net\/imagerie-medicale\/wp-json\/wp\/v2\/pages\/210\/revisions"}],"predecessor-version":[{"id":996,"href":"https:\/\/crtt.net\/imagerie-medicale\/wp-json\/wp\/v2\/pages\/210\/revisions\/996"}],"up":[{"embeddable":true,"href":"https:\/\/crtt.net\/imagerie-medicale\/wp-json\/wp\/v2\/pages\/206"}],"wp:attachment":[{"href":"https:\/\/crtt.net\/imagerie-medicale\/wp-json\/wp\/v2\/media?parent=210"}],"curies":[{"name":"wp","href":"https:\/\/api.w.org\/{rel}","templated":true}]}}