{"id":206,"date":"2024-07-10T11:07:11","date_gmt":"2024-07-10T09:07:11","guid":{"rendered":"https:\/\/2024.crtt.net\/imagerie-medicale\/?page_id=206"},"modified":"2024-09-12T16:27:17","modified_gmt":"2024-09-12T14:27:17","slug":"presentation-du-crtt","status":"publish","type":"page","link":"https:\/\/crtt.net\/imagerie-medicale\/presentation-du-crtt\/","title":{"rendered":"Pr\u00e9sentation du CRTT"},"content":{"rendered":"\t\t<div data-elementor-type=\"wp-page\" data-elementor-id=\"206\" class=\"elementor elementor-206\" data-elementor-post-type=\"page\">\n\t\t\t\t<div class=\"elementor-element elementor-element-2fcd4fd e-con-full e-flex e-con e-parent\" data-id=\"2fcd4fd\" data-element_type=\"container\">\n\t\t<div class=\"elementor-element elementor-element-80f75ab e-con-full e-flex e-con e-child\" data-id=\"80f75ab\" data-element_type=\"container\" data-settings=\"{&quot;background_background&quot;:&quot;classic&quot;}\">\n\t\t\t\t<\/div>\n\t\t<div class=\"elementor-element elementor-element-44e133d e-con-full e-flex e-con e-child\" data-id=\"44e133d\" data-element_type=\"container\">\n\t\t\t\t<div class=\"elementor-element elementor-element-846c0f3 elementor-widget elementor-widget-heading\" data-id=\"846c0f3\" data-element_type=\"widget\" data-widget_type=\"heading.default\">\n\t\t\t\t<div class=\"elementor-widget-container\">\n\t\t\t\t\t<h2 class=\"elementor-heading-title elementor-size-default\">Pr\u00e9sentation du CRTT Imagerie m\u00e9dicale<\/h2>\t\t\t\t<\/div>\n\t\t\t\t<\/div>\n\t\t\t\t<div class=\"elementor-element elementor-element-562c7e9 elementor-widget__width-initial elementor-widget elementor-widget-text-editor\" data-id=\"562c7e9\" data-element_type=\"widget\" data-widget_type=\"text-editor.default\">\n\t\t\t\t<div class=\"elementor-widget-container\">\n\t\t\t\t\t\t\t\t\tLe service d\u2019imagerie du CRTT est implant\u00e9 au rez-de-chauss\u00e9e\nde l\u2019H\u00f4pital Priv\u00e9 de Versailles-Clinique des Franciscaines.\t\t\t\t\t\t\t\t<\/div>\n\t\t\t\t<\/div>\n\t\t\t\t<div class=\"elementor-element elementor-element-8441863 elementor-widget elementor-widget-text-editor\" data-id=\"8441863\" data-element_type=\"widget\" data-widget_type=\"text-editor.default\">\n\t\t\t\t<div class=\"elementor-widget-container\">\n\t\t\t\t\t\t\t\t\t<p>La clinique des Franciscaines est un \u00e9tablissement renomm\u00e9 et tr\u00e8s ancien \u00e0 Versailles, qui \u00e9tait situ\u00e9 depuis plusieurs dizaines d\u2019ann\u00e9es, rue du mar\u00e9chal Gallieni, non loin du Ch\u00e2teau.<\/p><p>L\u2019importance de cette clinique a n\u00e9cessit\u00e9 la cr\u00e9ation d\u2019un service de Radiologie en mai 1979.<\/p><p>Il comportait \u00e0 cette \u00e9poque une salle d\u2019urgence, une salle t\u00e9l\u00e9command\u00e9e et un mammographie ainsi que la possibilit\u00e9 d\u2019explorations dentaires.<\/p><p>En 1986, un deuxi\u00e8me radiologue \u00e9tendait ce service en cr\u00e9ant un p\u00f4le d\u2019\u00e9chographie g\u00e9n\u00e9rale et obst\u00e9tricale et en d\u00e9veloppant la mammographie.<\/p>\t\t\t\t\t\t\t\t<\/div>\n\t\t\t\t<\/div>\n\t\t\t\t<\/div>\n\t\t\t\t<\/div>\n\t\t<div class=\"elementor-element elementor-element-5d3b464 e-con-full e-flex e-con e-parent\" data-id=\"5d3b464\" data-element_type=\"container\">\n\t\t<div class=\"elementor-element elementor-element-d186176 e-con-full e-flex e-con e-child\" data-id=\"d186176\" data-element_type=\"container\">\n\t\t\t\t<div class=\"elementor-element elementor-element-7ab7f77 elementor-widget elementor-widget-text-editor\" data-id=\"7ab7f77\" data-element_type=\"widget\" data-widget_type=\"text-editor.default\">\n\t\t\t\t<div class=\"elementor-widget-container\">\n\t\t\t\t\t\t\t\t\t<p>La n\u00e9cessit\u00e9 de modernisation des structures de la clinique des Franciscaines a conduit celle-ci \u00e0 transf\u00e9rer ses locaux rue de la Porte de Buc fin 2001.<\/p><p>En 2003, l\u2019augmentation de l\u2019activit\u00e9 et l\u2019ouverture d\u2019un service d\u2019urgences (UPATOU) ont conduit les radiologues \u00e0 s\u2019associer \u00e0 l\u2019\u00e9quipe du CRTT de Meudon-la-For\u00eat.<\/p><p>Le centre de radioth\u00e9rapie de Versailles a ouvert fin 2009 sur un site contigu \u00e0 la clinique des Franciscaines.<\/p><p>Les canc\u00e9rologues assurent consultations et traitements sur le site de Versailles en parall\u00e8le \u00e0 l\u2019activit\u00e9 \u00e0 Meudon.<\/p><p>Les radiologues recentrent leur activit\u00e9 diagnostique et interventionnelle \u00e0 Versailles \u00e0 compter de 2017.<\/p>\t\t\t\t\t\t\t\t<\/div>\n\t\t\t\t<\/div>\n\t\t\t\t<\/div>\n\t\t<div class=\"elementor-element elementor-element-783bede e-con-full e-flex e-con e-child\" data-id=\"783bede\" data-element_type=\"container\" data-settings=\"{&quot;background_background&quot;:&quot;classic&quot;}\">\n\t\t\t\t<\/div>\n\t\t\t\t<\/div>\n\t\t<div class=\"elementor-element elementor-element-c69a8af e-con-full e-flex e-con e-parent\" data-id=\"c69a8af\" data-element_type=\"container\" id=\"qualite\">\n\t\t<div class=\"elementor-element elementor-element-cdac3e4 e-con-full e-flex e-con e-child\" data-id=\"cdac3e4\" data-element_type=\"container\" data-settings=\"{&quot;background_background&quot;:&quot;classic&quot;}\">\n\t\t\t\t<\/div>\n\t\t<div class=\"elementor-element elementor-element-45680c9 e-con-full e-flex e-con e-child\" data-id=\"45680c9\" data-element_type=\"container\">\n\t\t\t\t<div class=\"elementor-element elementor-element-c7194e9 elementor-widget elementor-widget-heading\" data-id=\"c7194e9\" data-element_type=\"widget\" data-widget_type=\"heading.default\">\n\t\t\t\t<div class=\"elementor-widget-container\">\n\t\t\t\t\t<h2 class=\"elementor-heading-title elementor-size-default\">D\u00e9marche qualit\u00e9<\/h2>\t\t\t\t<\/div>\n\t\t\t\t<\/div>\n\t\t\t\t<div class=\"elementor-element elementor-element-8617567 elementor-widget elementor-widget-text-editor\" data-id=\"8617567\" data-element_type=\"widget\" data-widget_type=\"text-editor.default\">\n\t\t\t\t<div class=\"elementor-widget-container\">\n\t\t\t\t\t\t\t\t\t<p>Le CRTT s\u2019est engag\u00e9 dans une d\u00e9marche continue pour l\u2019am\u00e9lioration de la qualit\u00e9\u00a0pour ce qui concerne les domaines suivants :<\/p><ul><li>accueil du patient<\/li><li>ma\u00eetrise de la s\u00e9curit\u00e9<\/li><li>ma\u00eetrise de l\u2019hygi\u00e8ne<\/li><li>ma\u00eetrise des vigilances<\/li><li>ma\u00eetrise de la radioprotection<\/li><li>ma\u00eetrise de la prise en charge des incidents et accidents<\/li><\/ul>\t\t\t\t\t\t\t\t<\/div>\n\t\t\t\t<\/div>\n\t\t\t\t<\/div>\n\t\t\t\t<\/div>\n\t\t<div class=\"elementor-element elementor-element-d8fcddb e-con-full e-flex e-con e-parent\" data-id=\"d8fcddb\" data-element_type=\"container\">\n\t\t\t\t<div class=\"elementor-element elementor-element-bc62e89 elementor-widget elementor-widget-gallery\" data-id=\"bc62e89\" data-element_type=\"widget\" data-settings=\"{&quot;lazyload&quot;:&quot;yes&quot;,&quot;gallery_layout&quot;:&quot;grid&quot;,&quot;columns&quot;:4,&quot;columns_tablet&quot;:2,&quot;columns_mobile&quot;:1,&quot;gap&quot;:{&quot;unit&quot;:&quot;px&quot;,&quot;size&quot;:10,&quot;sizes&quot;:[]},&quot;gap_tablet&quot;:{&quot;unit&quot;:&quot;px&quot;,&quot;size&quot;:10,&quot;sizes&quot;:[]},&quot;gap_mobile&quot;:{&quot;unit&quot;:&quot;px&quot;,&quot;size&quot;:10,&quot;sizes&quot;:[]},&quot;aspect_ratio&quot;:&quot;3:2&quot;,&quot;overlay_background&quot;:&quot;yes&quot;,&quot;content_hover_animation&quot;:&quot;fade-in&quot;}\" data-widget_type=\"gallery.default\">\n\t\t\t\t<div class=\"elementor-widget-container\">\n\t\t\t\t\t\t\t<div class=\"elementor-gallery__container\">\n\t\t\t\t\t\t\t<div class=\"e-gallery-item elementor-gallery-item elementor-animated-content\">\n\t\t\t\t\t<div class=\"e-gallery-image elementor-gallery-item__image\" data-thumbnail=\"https:\/\/crtt.net\/imagerie-medicale\/wp-content\/uploads\/sites\/2\/2024\/09\/LG20180808_072-300x200.jpg\" data-width=\"300\" data-height=\"200\" aria-label=\"\" role=\"img\" ><\/div>\n\t\t\t\t\t\t\t\t\t\t\t<div class=\"elementor-gallery-item__overlay\"><\/div>\n\t\t\t\t\t\t\t\t\t\t\t\t\t\t<\/div>\n\t\t\t\t\t\t\t<div class=\"e-gallery-item elementor-gallery-item elementor-animated-content\">\n\t\t\t\t\t<div class=\"e-gallery-image elementor-gallery-item__image\" data-thumbnail=\"https:\/\/crtt.net\/imagerie-medicale\/wp-content\/uploads\/sites\/2\/2024\/09\/LG20180808_084-300x200.jpg\" data-width=\"300\" data-height=\"200\" aria-label=\"CRTT, Hopital prive de Versailles, clinique des Franciscaines, Versailles\" role=\"img\" ><\/div>\n\t\t\t\t\t\t\t\t\t\t\t<div class=\"elementor-gallery-item__overlay\"><\/div>\n\t\t\t\t\t\t\t\t\t\t\t\t\t\t<\/div>\n\t\t\t\t\t\t\t<div class=\"e-gallery-item elementor-gallery-item elementor-animated-content\">\n\t\t\t\t\t<div class=\"e-gallery-image elementor-gallery-item__image\" data-thumbnail=\"https:\/\/crtt.net\/imagerie-medicale\/wp-content\/uploads\/sites\/2\/2024\/09\/LG20180808_018-300x200.jpg\" data-width=\"300\" data-height=\"200\" aria-label=\"\" role=\"img\" ><\/div>\n\t\t\t\t\t\t\t\t\t\t\t<div class=\"elementor-gallery-item__overlay\"><\/div>\n\t\t\t\t\t\t\t\t\t\t\t\t\t\t<\/div>\n\t\t\t\t\t\t\t<div class=\"e-gallery-item elementor-gallery-item elementor-animated-content\">\n\t\t\t\t\t<div class=\"e-gallery-image elementor-gallery-item__image\" data-thumbnail=\"https:\/\/crtt.net\/imagerie-medicale\/wp-content\/uploads\/sites\/2\/2024\/09\/LG20180808_051-300x200.jpg\" data-width=\"300\" data-height=\"200\" aria-label=\"\" role=\"img\" ><\/div>\n\t\t\t\t\t\t\t\t\t\t\t<div class=\"elementor-gallery-item__overlay\"><\/div>\n\t\t\t\t\t\t\t\t\t\t\t\t\t\t<\/div>\n\t\t\t\t\t\t\t<div class=\"e-gallery-item elementor-gallery-item elementor-animated-content\">\n\t\t\t\t\t<div class=\"e-gallery-image elementor-gallery-item__image\" data-thumbnail=\"https:\/\/crtt.net\/imagerie-medicale\/wp-content\/uploads\/sites\/2\/2024\/09\/LG20180808_078-300x200.jpg\" data-width=\"300\" data-height=\"200\" aria-label=\"\" role=\"img\" ><\/div>\n\t\t\t\t\t\t\t\t\t\t\t<div class=\"elementor-gallery-item__overlay\"><\/div>\n\t\t\t\t\t\t\t\t\t\t\t\t\t\t<\/div>\n\t\t\t\t\t\t\t<div class=\"e-gallery-item elementor-gallery-item elementor-animated-content\">\n\t\t\t\t\t<div class=\"e-gallery-image elementor-gallery-item__image\" data-thumbnail=\"https:\/\/crtt.net\/imagerie-medicale\/wp-content\/uploads\/sites\/2\/2024\/08\/Vignette-Pannoramique-dentaire-Versailles-300x180.webp\" data-width=\"300\" data-height=\"180\" aria-label=\"\" role=\"img\" ><\/div>\n\t\t\t\t\t\t\t\t\t\t\t<div class=\"elementor-gallery-item__overlay\"><\/div>\n\t\t\t\t\t\t\t\t\t\t\t\t\t\t<\/div>\n\t\t\t\t\t\t\t<div class=\"e-gallery-item elementor-gallery-item elementor-animated-content\">\n\t\t\t\t\t<div class=\"e-gallery-image elementor-gallery-item__image\" data-thumbnail=\"https:\/\/crtt.net\/imagerie-medicale\/wp-content\/uploads\/sites\/2\/2024\/09\/Reunions-de-RCP-300x200.jpg\" data-width=\"300\" data-height=\"200\" aria-label=\"Reunions-de-RCP\" role=\"img\" ><\/div>\n\t\t\t\t\t\t\t\t\t\t\t<div class=\"elementor-gallery-item__overlay\"><\/div>\n\t\t\t\t\t\t\t\t\t\t\t\t\t\t<\/div>\n\t\t\t\t\t\t\t<div class=\"e-gallery-item elementor-gallery-item elementor-animated-content\">\n\t\t\t\t\t<div class=\"e-gallery-image elementor-gallery-item__image\" data-thumbnail=\"https:\/\/crtt.net\/imagerie-medicale\/wp-content\/uploads\/sites\/2\/2024\/09\/crtt-video-300x186.webp\" data-width=\"300\" data-height=\"186\" aria-label=\"Qualit\u00e9\" role=\"img\" ><\/div>\n\t\t\t\t\t\t\t\t\t\t\t<div class=\"elementor-gallery-item__overlay\"><\/div>\n\t\t\t\t\t\t\t\t\t\t\t\t\t\t<\/div>\n\t\t\t\t\t<\/div>\n\t\t\t\t\t<\/div>\n\t\t\t\t<\/div>\n\t\t\t\t<\/div>\n\t\t\t\t<\/div>\n\t\t","protected":false},"excerpt":{"rendered":"<p>Pr\u00e9sentation du CRTT Imagerie m\u00e9dicale Le service d\u2019imagerie du CRTT est implant\u00e9 au rez-de-chauss\u00e9e de l\u2019H\u00f4pital Priv\u00e9 de Versailles-Clinique des Franciscaines. La clinique des Franciscaines est un \u00e9tablissement renomm\u00e9 et tr\u00e8s ancien \u00e0 Versailles, qui \u00e9tait situ\u00e9 depuis plusieurs dizaines d\u2019ann\u00e9es, rue du mar\u00e9chal Gallieni, non loin du Ch\u00e2teau. L\u2019importance de cette clinique a n\u00e9cessit\u00e9 [&hellip;]<\/p>\n","protected":false},"author":1,"featured_media":0,"parent":0,"menu_order":0,"comment_status":"closed","ping_status":"closed","template":"","meta":{"footnotes":""},"class_list":["post-206","page","type-page","status-publish","hentry"],"_links":{"self":[{"href":"https:\/\/crtt.net\/imagerie-medicale\/wp-json\/wp\/v2\/pages\/206","targetHints":{"allow":["GET"]}}],"collection":[{"href":"https:\/\/crtt.net\/imagerie-medicale\/wp-json\/wp\/v2\/pages"}],"about":[{"href":"https:\/\/crtt.net\/imagerie-medicale\/wp-json\/wp\/v2\/types\/page"}],"author":[{"embeddable":true,"href":"https:\/\/crtt.net\/imagerie-medicale\/wp-json\/wp\/v2\/users\/1"}],"replies":[{"embeddable":true,"href":"https:\/\/crtt.net\/imagerie-medicale\/wp-json\/wp\/v2\/comments?post=206"}],"version-history":[{"count":64,"href":"https:\/\/crtt.net\/imagerie-medicale\/wp-json\/wp\/v2\/pages\/206\/revisions"}],"predecessor-version":[{"id":908,"href":"https:\/\/crtt.net\/imagerie-medicale\/wp-json\/wp\/v2\/pages\/206\/revisions\/908"}],"wp:attachment":[{"href":"https:\/\/crtt.net\/imagerie-medicale\/wp-json\/wp\/v2\/media?parent=206"}],"curies":[{"name":"wp","href":"https:\/\/api.w.org\/{rel}","templated":true}]}}