{"id":550,"date":"2012-08-28T15:34:11","date_gmt":"2012-08-28T15:34:11","guid":{"rendered":"http:\/\/michelongas.com\/?p=550"},"modified":"2012-08-28T15:34:11","modified_gmt":"2012-08-28T15:34:11","slug":"la-vie-de-plus-belle","status":"publish","type":"page","link":"https:\/\/crtt.net\/cancerologie\/faq\/la-vie-de-plus-belle\/","title":{"rendered":"Etre belle pendant le traitement de mon cancer avec \u00ab\u00a0La Vie de plus belle\u00a0\u00bb"},"content":{"rendered":"<p style=\"text-align: justify\">La Vie, de plus belle\u2026 est une association (loi 1901) qui repose sur l\u2019activit\u00e9 de trois salari\u00e9es, de coordinatrices b\u00e9n\u00e9voles,\u00a0d\u2019esth\u00e9ticiennes ou de maquilleurs confirm\u00e9s b\u00e9n\u00e9voles\u2026 Elle organise des ateliers de maquillage o\u00f9, pendant deux\u00a0heures, des femmes en cours de traitement contre le cancer re\u00e7oivent les conseils de professionnels de la beaut\u00e9.<\/p>\n<h3>TH\u00c8ME<\/h3>\n<p>Pr\u00e9senter les activit\u00e9s de l\u2019association. Elle mobilise des b\u00e9n\u00e9voles qui animent les ateliers maquillage et des industriels de la\u00a0cosm\u00e9tique qui offrent leurs produits.<\/p>\n<h3>CELLES QUI SONT CONCERN\u00c9ES<\/h3>\n<p>Toutes les femmes qui veulent retrouver leur f\u00e9minit\u00e9 en d\u00e9pit des effets dus aux traitements de leur cancer.<\/p>\n<h3>OBJECTIF<\/h3>\n<p>Faire conna\u00eetre l\u2019association, son histoire, ses activit\u00e9s \u00e0 travers un petit film qui permet de bien comprendre ce que La Vie, de plus\u00a0belle\u2026 apporte \u00e0 toutes les femmes atteintes d\u2019un cancer.<\/p>\n<h3>CONTENU<\/h3>\n<p>T\u00e9moignages, historique, newsletter, calendrier et adresses des ateliers\u2026 C\u2019est un site complet autour du th\u00e8me de la beaut\u00e9 et de\u00a0la maladie.<\/p>\n<h3>LES PLUS<\/h3>\n<p>La pr\u00e9sentation vivante, avec un film d\u00e8s l\u2019ouverture du site, permet de comprendre exactement les buts et les activit\u00e9s de\u00a0l\u2019association. La richesse des informations et la possibilit\u00e9 d\u2019offrir ses services sont des atouts suppl\u00e9mentaires.<\/p>\n<h3><a href=\"http:\/\/www.bellebien.fr\/\" target=\"_blank\" rel=\"noopener\">LA VIE, DE PLUS BELLE&#8230;<\/a><\/h3>\n<p>20 rue sourcouf<br \/>\n75007 Paris.<br \/>\nT\u00e9l. : 01 45 51 20 14<\/p>\n","protected":false},"excerpt":{"rendered":"<p>La Vie, de plus belle\u2026 est une association (loi 1901) qui repose sur l\u2019activit\u00e9 de trois salari\u00e9es, de coordinatrices b\u00e9n\u00e9voles,\u00a0d\u2019esth\u00e9ticiennes ou de maquilleurs confirm\u00e9s b\u00e9n\u00e9voles\u2026 Elle organise des ateliers de maquillage o\u00f9, pendant deux\u00a0heures, des femmes en cours de traitement contre le cancer re\u00e7oivent les conseils de professionnels de la beaut\u00e9. TH\u00c8ME Pr\u00e9senter les activit\u00e9s [&hellip;]<\/p>\n","protected":false},"author":1,"featured_media":553,"parent":55,"menu_order":0,"comment_status":"closed","ping_status":"closed","template":"","meta":{"footnotes":""},"class_list":["post-550","page","type-page","status-publish","has-post-thumbnail","hentry"],"_links":{"self":[{"href":"https:\/\/crtt.net\/cancerologie\/wp-json\/wp\/v2\/pages\/550","targetHints":{"allow":["GET"]}}],"collection":[{"href":"https:\/\/crtt.net\/cancerologie\/wp-json\/wp\/v2\/pages"}],"about":[{"href":"https:\/\/crtt.net\/cancerologie\/wp-json\/wp\/v2\/types\/page"}],"author":[{"embeddable":true,"href":"https:\/\/crtt.net\/cancerologie\/wp-json\/wp\/v2\/users\/1"}],"replies":[{"embeddable":true,"href":"https:\/\/crtt.net\/cancerologie\/wp-json\/wp\/v2\/comments?post=550"}],"version-history":[{"count":0,"href":"https:\/\/crtt.net\/cancerologie\/wp-json\/wp\/v2\/pages\/550\/revisions"}],"up":[{"embeddable":true,"href":"https:\/\/crtt.net\/cancerologie\/wp-json\/wp\/v2\/pages\/55"}],"wp:featuredmedia":[{"embeddable":true,"href":"https:\/\/crtt.net\/cancerologie\/wp-json\/wp\/v2\/media\/553"}],"wp:attachment":[{"href":"https:\/\/crtt.net\/cancerologie\/wp-json\/wp\/v2\/media?parent=550"}],"curies":[{"name":"wp","href":"https:\/\/api.w.org\/{rel}","templated":true}]}}