{"id":55,"date":"2016-12-20T15:53:25","date_gmt":"2016-12-20T14:53:25","guid":{"rendered":"http:\/\/mg.crtt.net\/cancerologie\/?page_id=55"},"modified":"2024-10-31T09:54:15","modified_gmt":"2024-10-31T08:54:15","slug":"faq","status":"publish","type":"page","link":"https:\/\/crtt.net\/cancerologie\/faq\/","title":{"rendered":"Foire aux questions"},"content":{"rendered":"\t\t<div data-elementor-type=\"wp-page\" data-elementor-id=\"55\" class=\"elementor elementor-55\" data-elementor-post-type=\"page\">\n\t\t\t\t<div class=\"elementor-element elementor-element-312adcfc e-con-full e-flex e-con e-parent\" data-id=\"312adcfc\" data-element_type=\"container\">\n\t\t\t\t<div class=\"elementor-element elementor-element-4e5cb60 elementor-widget elementor-widget-n-accordion\" data-id=\"4e5cb60\" data-element_type=\"widget\" data-settings=\"{&quot;default_state&quot;:&quot;all_collapsed&quot;,&quot;max_items_expended&quot;:&quot;one&quot;,&quot;n_accordion_animation_duration&quot;:{&quot;unit&quot;:&quot;ms&quot;,&quot;size&quot;:400,&quot;sizes&quot;:[]}}\" data-widget_type=\"nested-accordion.default\">\n\t\t\t\t<div class=\"elementor-widget-container\">\n\t\t\t\t\t\t\t<div class=\"e-n-accordion\" aria-label=\"Accordion. Open links with Enter or Space, close with Escape, and navigate with Arrow Keys\">\n\t\t\t\t\t\t<details id=\"e-n-accordion-item-8210\" class=\"e-n-accordion-item\" >\n\t\t\t\t<summary class=\"e-n-accordion-item-title\" data-accordion-index=\"1\" tabindex=\"0\" aria-expanded=\"false\" aria-controls=\"e-n-accordion-item-8210\" >\n\t\t\t\t\t<span class='e-n-accordion-item-title-header'><div class=\"e-n-accordion-item-title-text\"> Charte de la personne hospitalis\u00e9e <\/div><\/span>\n\t\t\t\t\t\t\t<span class='e-n-accordion-item-title-icon'>\n\t\t\t<span class='e-opened' ><svg aria-hidden=\"true\" class=\"e-font-icon-svg e-fas-minus\" viewBox=\"0 0 448 512\" xmlns=\"http:\/\/www.w3.org\/2000\/svg\"><path d=\"M416 208H32c-17.67 0-32 14.33-32 32v32c0 17.67 14.33 32 32 32h384c17.67 0 32-14.33 32-32v-32c0-17.67-14.33-32-32-32z\"><\/path><\/svg><\/span>\n\t\t\t<span class='e-closed'><svg aria-hidden=\"true\" class=\"e-font-icon-svg e-fas-plus\" viewBox=\"0 0 448 512\" xmlns=\"http:\/\/www.w3.org\/2000\/svg\"><path d=\"M416 208H272V64c0-17.67-14.33-32-32-32h-32c-17.67 0-32 14.33-32 32v144H32c-17.67 0-32 14.33-32 32v32c0 17.67 14.33 32 32 32h144v144c0 17.67 14.33 32 32 32h32c17.67 0 32-14.33 32-32V304h144c17.67 0 32-14.33 32-32v-32c0-17.67-14.33-32-32-32z\"><\/path><\/svg><\/span>\n\t\t<\/span>\n\n\t\t\t\t\t\t<\/summary>\n\t\t\t\t<div role=\"region\" aria-labelledby=\"e-n-accordion-item-8210\" class=\"elementor-element elementor-element-8f78a85 e-con-full e-flex e-con e-child\" data-id=\"8f78a85\" data-element_type=\"container\">\n\t\t\t\t<div class=\"elementor-element elementor-element-80955a9 elementor-widget elementor-widget-text-editor\" data-id=\"80955a9\" data-element_type=\"widget\" data-widget_type=\"text-editor.default\">\n\t\t\t\t<div class=\"elementor-widget-container\">\n\t\t\t\t\t\t\t\t\t<p>L\u2019objectif de la pr\u00e9sente charte est de faire conna\u00eetre aux personnes malades, accueillies dans les \u00e9tablissements de sant\u00e9, leurs droits essentiels tels qu\u2019ils sont affirm\u00e9s par les lois \u2013 notamment la loi du 4 mars 2002 relative aux droits des malades et \u00e0 la qualit\u00e9 du syst\u00e8me de sant\u00e9 \u2013 et les principaux d\u00e9crets, arr\u00eat\u00e9s, circulaires et chartes dont les r\u00e9f\u00e9rences figurent en annexe.<\/p><p>L\u2019expression \u00ab personne prise en charge en canc\u00e9rologie \u00bb utilis\u00e9e dans cette charte d\u00e9signe l\u2019ensemble des personnes prises en charge par le CRTT, que ces personnes soient accueillies en consultation externe ou pour leur s\u00e9ance de radioth\u00e9rapie.<\/p><p>L\u2019application de la charte s\u2019interpr\u00e8te au regard des obligations n\u00e9cessaires au bon fonctionnement de l\u2019institution et auxquelles sont soumis le personnel et les personnes prises en charge en canc\u00e9rologie. La personne prise en charge en canc\u00e9rologie doit pouvoir prendre connaissance du r\u00e8glement int\u00e9rieur qui pr\u00e9cise ces obligations.<\/p><p>Le document int\u00e9gral de la charte est d\u00e9livr\u00e9, gratuitement, sans d\u00e9lai, sur simple demande, aupr\u00e8s du service charg\u00e9 de l\u2019accueil.<\/p><ol><li>Toute personne est libre de choisir le centre de radioth\u00e9rapie qui la prendra en charge, dans la limite des possibilit\u00e9s de chaque \u00e9tablissement. Il est\u00a0<strong>accessible \u00e0 tous<\/strong>\u00a0et est adapt\u00e9 aux personnes handicap\u00e9es.<\/li><li>Le patient garde le\u00a0<strong>libre choix<\/strong>\u00a0de son m\u00e9decin.<\/li><li>Le centre de radioth\u00e9rapie garantit\u00a0<strong>la qualit\u00e9 de l\u2019accueil, des traitements et des soins<\/strong>. Le personnel est attentif au soulagement de la douleur et met tout en \u0153uvre pour assurer \u00e0 chacun une vie digne, avec une attention particuli\u00e8re \u00e0 la fin de sa vie.<\/li><li>L\u2019information donn\u00e9e au patient doit \u00eatre\u00a0<strong>accessible et loyale<\/strong>. La personne prise en charge en canc\u00e9rologie participe aux choix th\u00e9rapeutiques qui la concernent. Elle peut se faire assister par une personne de confiance qu\u2019elle choisit librement.<\/li><li>Tout traitement ne peut \u00eatre pratiqu\u00e9 qu\u2019avec\u00a0<strong>le consentement libre et \u00e9clair\u00e9 du patient<\/strong>. Celui-ci a le droit de refuser tout traitement.<\/li><li>Le respect de la vie priv\u00e9e est garanti \u00e0 toute personne ainsi que\u00a0la\u00a0<strong>confidentialit\u00e9 des informations personnelles<\/strong>\u00a0administratives, m\u00e9dicales et sociales qui la concernent.<\/li><li>La personne prise en charge en canc\u00e9rologie (ou ses repr\u00e9sentants l\u00e9gaux) b\u00e9n\u00e9ficie d\u2019<strong>un acc\u00e8s direct aux informations de sant\u00e9 la concernant<\/strong>. Sous certaines conditions, ses ayants droits en cas de d\u00e9c\u00e8s b\u00e9n\u00e9ficient de ce m\u00eame droit.<\/li><li>Le patient atteint de cancer\u00a0<strong>adh\u00e8re volontairement<\/strong>\u00a0\u00e0 l\u2019organisation d\u2019un r\u00e9seau.<\/li><li>Le patient accepte que les informations recueillies dans le cadre du r\u00e9seau soient utilis\u00e9es conform\u00e9ment aux r\u00e8gles de confidentialit\u00e9 (d\u00e9claration \u00e0 la Commission Nationale Informatique et Libert\u00e9s) pour \u00e9valuer et optimiser les th\u00e9rapeutiques mises en oeuvre.<\/li><li>Le patient peut \u00e0 tout moment demander la suppression de son dossier m\u00e9dical informatis\u00e9 et se retirer du r\u00e9seau sans que cela ne nuise \u00e0 la continuit\u00e9 et \u00e0 la qualit\u00e9 des soins qui lui seront prodigu\u00e9s.<\/li><\/ol>\t\t\t\t\t\t\t\t<\/div>\n\t\t\t\t<\/div>\n\t\t\t\t<\/div>\n\t\t\t\t\t<\/details>\n\t\t\t\t\t\t<details id=\"e-n-accordion-item-8211\" class=\"e-n-accordion-item\" >\n\t\t\t\t<summary class=\"e-n-accordion-item-title\" data-accordion-index=\"2\" tabindex=\"-1\" aria-expanded=\"false\" aria-controls=\"e-n-accordion-item-8211\" >\n\t\t\t\t\t<span class='e-n-accordion-item-title-header'><div class=\"e-n-accordion-item-title-text\"> Consultation d\u2019accueil par le radioth\u00e9rapeute <\/div><\/span>\n\t\t\t\t\t\t\t<span class='e-n-accordion-item-title-icon'>\n\t\t\t<span class='e-opened' ><svg aria-hidden=\"true\" class=\"e-font-icon-svg e-fas-minus\" viewBox=\"0 0 448 512\" xmlns=\"http:\/\/www.w3.org\/2000\/svg\"><path d=\"M416 208H32c-17.67 0-32 14.33-32 32v32c0 17.67 14.33 32 32 32h384c17.67 0 32-14.33 32-32v-32c0-17.67-14.33-32-32-32z\"><\/path><\/svg><\/span>\n\t\t\t<span class='e-closed'><svg aria-hidden=\"true\" class=\"e-font-icon-svg e-fas-plus\" viewBox=\"0 0 448 512\" xmlns=\"http:\/\/www.w3.org\/2000\/svg\"><path d=\"M416 208H272V64c0-17.67-14.33-32-32-32h-32c-17.67 0-32 14.33-32 32v144H32c-17.67 0-32 14.33-32 32v32c0 17.67 14.33 32 32 32h144v144c0 17.67 14.33 32 32 32h32c17.67 0 32-14.33 32-32V304h144c17.67 0 32-14.33 32-32v-32c0-17.67-14.33-32-32-32z\"><\/path><\/svg><\/span>\n\t\t<\/span>\n\n\t\t\t\t\t\t<\/summary>\n\t\t\t\t<div role=\"region\" aria-labelledby=\"e-n-accordion-item-8211\" class=\"elementor-element elementor-element-a77364c e-con-full e-flex e-con e-child\" data-id=\"a77364c\" data-element_type=\"container\">\n\t\t\t\t<div class=\"elementor-element elementor-element-4edede4 elementor-widget elementor-widget-text-editor\" data-id=\"4edede4\" data-element_type=\"widget\" data-widget_type=\"text-editor.default\">\n\t\t\t\t<div class=\"elementor-widget-container\">\n\t\t\t\t\t\t\t\t\t<p>Pendant cette consultation :<\/p><p>Des examens compl\u00e9mentaires peuvent \u00eatre programm\u00e9s afin de poursuivre le bilan, qui seront organis\u00e9s par la secr\u00e9taire, avec organisation d\u2019un nouveau rendez-vous de consultation pour interpr\u00e9tation des r\u00e9sultats et prise de d\u00e9cision avec le patient<\/p><p>Prise de d\u00e9cision de\u00a0<a href=\"\/cancerologie\/chimiotherapie\/\">chimioth\u00e9rapie<\/a>\u00a0ou de\u00a0<a href=\"\/cancerologie\/radiotherapie\/\">radioth\u00e9rapie\u00a0<\/a><\/p><p>Le dossier du patient peut d\u00e9j\u00e0 avoir \u00e9t\u00e9 discut\u00e9 lors des diff\u00e9rentes\u00a0r\u00e9unions de concertation pluridisciplinaire (RCP) (lien vers page RCP) \u00a0auxquelles participent les m\u00e9decins canc\u00e9rologues du CRTT.<\/p><p>Le compte rendu d\u2019RCP sera alors annex\u00e9 au dossier du patient et, en l\u2019absence d\u2019RCP pr\u00e9alable, le dossier du patient sera discut\u00e9 \u00e0 la RCP du CRTT.<\/p><p>Le patient est inform\u00e9 de cette r\u00e9union de concertation pluridisciplinaire, ainsi que le m\u00e9decin traitant.<\/p><p><a href=\"\/cancerologie\/prendre-rendez-vous\/\">Prendre un rendez-vous<\/a><\/p>\t\t\t\t\t\t\t\t<\/div>\n\t\t\t\t<\/div>\n\t\t\t\t<\/div>\n\t\t\t\t\t<\/details>\n\t\t\t\t\t\t<details id=\"e-n-accordion-item-8212\" class=\"e-n-accordion-item\" >\n\t\t\t\t<summary class=\"e-n-accordion-item-title\" data-accordion-index=\"3\" tabindex=\"-1\" aria-expanded=\"false\" aria-controls=\"e-n-accordion-item-8212\" >\n\t\t\t\t\t<span class='e-n-accordion-item-title-header'><div class=\"e-n-accordion-item-title-text\"> S\u00e9jour hospitalier <\/div><\/span>\n\t\t\t\t\t\t\t<span class='e-n-accordion-item-title-icon'>\n\t\t\t<span class='e-opened' ><svg aria-hidden=\"true\" class=\"e-font-icon-svg e-fas-minus\" viewBox=\"0 0 448 512\" xmlns=\"http:\/\/www.w3.org\/2000\/svg\"><path d=\"M416 208H32c-17.67 0-32 14.33-32 32v32c0 17.67 14.33 32 32 32h384c17.67 0 32-14.33 32-32v-32c0-17.67-14.33-32-32-32z\"><\/path><\/svg><\/span>\n\t\t\t<span class='e-closed'><svg aria-hidden=\"true\" class=\"e-font-icon-svg e-fas-plus\" viewBox=\"0 0 448 512\" xmlns=\"http:\/\/www.w3.org\/2000\/svg\"><path d=\"M416 208H272V64c0-17.67-14.33-32-32-32h-32c-17.67 0-32 14.33-32 32v144H32c-17.67 0-32 14.33-32 32v32c0 17.67 14.33 32 32 32h144v144c0 17.67 14.33 32 32 32h32c17.67 0 32-14.33 32-32V304h144c17.67 0 32-14.33 32-32v-32c0-17.67-14.33-32-32-32z\"><\/path><\/svg><\/span>\n\t\t<\/span>\n\n\t\t\t\t\t\t<\/summary>\n\t\t\t\t<div role=\"region\" aria-labelledby=\"e-n-accordion-item-8212\" class=\"elementor-element elementor-element-d35c35f e-con-full e-flex e-con e-child\" data-id=\"d35c35f\" data-element_type=\"container\">\n\t\t\t\t<div class=\"elementor-element elementor-element-0147bb1 elementor-widget elementor-widget-text-editor\" data-id=\"0147bb1\" data-element_type=\"widget\" data-widget_type=\"text-editor.default\">\n\t\t\t\t<div class=\"elementor-widget-container\">\n\t\t\t\t\t\t\t\t\t<p>La grande majorit\u00e9 des traitements de radioth\u00e9rapie sont effectu\u00e9s en externe et la chimioth\u00e9rapie est r\u00e9alis\u00e9e le plus souvent en h\u00f4pital de jour. Mais l\u2019\u00e9tat g\u00e9n\u00e9ral de certains patients ou la tol\u00e9rance du traitement peut n\u00e9cessiter une hospitalisation compl\u00e8te de dur\u00e9e variable.<\/p><p>Cette hospitalisation peut \u00eatre programm\u00e9e : planifi\u00e9e en service de m\u00e9decine, soit sous la responsabilit\u00e9 des m\u00e9decins canc\u00e9rologues du CRTT, soit dans l\u2019\u00e9tablissement r\u00e9f\u00e9rent du patient.<\/p><p>Cette hospitalisation en service dit \u00ab aigu \u00bb dure en moyenne 2 \u00e0 9 jours. Au terme de cette phase de diagnostic et corrections des troubles aigus, le patient peut regagner son domicile avec ou sans soins organis\u00e9s dans le cadre de l\u2019hospitalisation \u00e0 domicile ou de soins de ville \u00e9ventuellement coordonn\u00e9s par le r\u00e9seau de soins en canc\u00e9rologie du bassin de vie.<\/p><p>En cas d\u2019hospitalisation de plus longue dur\u00e9e un transfert en service de soins de suite peut \u00eatre envisag\u00e9 afin de permettre une convalescence avant retour \u00e0 domicile.<\/p><p>Ce transfert se fera dans un \u00e9tablissement partenaire du CRTT, si possible \u00e0 proximit\u00e9 de votre domicile pour favoriser les visites de votre entourage, ou dans un \u00e9tablissement de votre choix.<\/p><p>Cette hospitalisation peut \u00eatre urgente. Une modification brutale de l\u2019\u00e9tat de sant\u00e9 du patient peut n\u00e9cessiter une hospitalisation en urgence (trouble respiratoires, digestifs s\u00e9v\u00e8res, infectieux, vasculaires, etc.).<\/p><p>Cette hospitalisation en urgence est le plus souvent sugg\u00e9r\u00e9e par le m\u00e9decin traitant ou le m\u00e9decin g\u00e9n\u00e9raliste de garde, voire par un service d\u2019urgence, soit par un m\u00e9decin du CRTT au d\u00e9cours d\u2019une consultation.<\/p><p>Cette hospitalisation est habituellement pr\u00e9c\u00e9d\u00e9e d\u2019un passage au service des urgences pour confirmer le diagnostic, assurer les premiers soins et orienter le patient vers le service d\u2019hospitalisation adapt\u00e9 \u00e0 la pathologie et aux places d\u2019hospitalisation disponibles sans d\u00e9lai.<\/p><p>Un transfert peut \u00eatre organis\u00e9 secondairement en fonction de l\u2019\u00e9volution et du lieu initial de l\u2019hospitalisation.<\/p>\t\t\t\t\t\t\t\t<\/div>\n\t\t\t\t<\/div>\n\t\t\t\t<\/div>\n\t\t\t\t\t<\/details>\n\t\t\t\t\t\t<details id=\"e-n-accordion-item-8213\" class=\"e-n-accordion-item\" >\n\t\t\t\t<summary class=\"e-n-accordion-item-title\" data-accordion-index=\"4\" tabindex=\"-1\" aria-expanded=\"false\" aria-controls=\"e-n-accordion-item-8213\" >\n\t\t\t\t\t<span class='e-n-accordion-item-title-header'><div class=\"e-n-accordion-item-title-text\"> Consultation d\u2019annonce <\/div><\/span>\n\t\t\t\t\t\t\t<span class='e-n-accordion-item-title-icon'>\n\t\t\t<span class='e-opened' ><svg aria-hidden=\"true\" class=\"e-font-icon-svg e-fas-minus\" viewBox=\"0 0 448 512\" xmlns=\"http:\/\/www.w3.org\/2000\/svg\"><path d=\"M416 208H32c-17.67 0-32 14.33-32 32v32c0 17.67 14.33 32 32 32h384c17.67 0 32-14.33 32-32v-32c0-17.67-14.33-32-32-32z\"><\/path><\/svg><\/span>\n\t\t\t<span class='e-closed'><svg aria-hidden=\"true\" class=\"e-font-icon-svg e-fas-plus\" viewBox=\"0 0 448 512\" xmlns=\"http:\/\/www.w3.org\/2000\/svg\"><path d=\"M416 208H272V64c0-17.67-14.33-32-32-32h-32c-17.67 0-32 14.33-32 32v144H32c-17.67 0-32 14.33-32 32v32c0 17.67 14.33 32 32 32h144v144c0 17.67 14.33 32 32 32h32c17.67 0 32-14.33 32-32V304h144c17.67 0 32-14.33 32-32v-32c0-17.67-14.33-32-32-32z\"><\/path><\/svg><\/span>\n\t\t<\/span>\n\n\t\t\t\t\t\t<\/summary>\n\t\t\t\t<div role=\"region\" aria-labelledby=\"e-n-accordion-item-8213\" class=\"elementor-element elementor-element-8132d35 e-con-full e-flex e-con e-child\" data-id=\"8132d35\" data-element_type=\"container\">\n\t\t\t\t<div class=\"elementor-element elementor-element-2bc6a1a elementor-widget elementor-widget-text-editor\" data-id=\"2bc6a1a\" data-element_type=\"widget\" data-widget_type=\"text-editor.default\">\n\t\t\t\t<div class=\"elementor-widget-container\">\n\t\t\t\t\t\t\t\t\t<p>C\u2019est une consultation longue et sp\u00e9cifique, d\u00e9di\u00e9e \u00e0 l\u2019annonce du diagnostic (initiale ou diff\u00e9r\u00e9e), du plan th\u00e9rapeutique ou d\u2019une \u00e9ventuelle r\u00e9cidive.<\/p><p>Elle est r\u00e9alis\u00e9e par un m\u00e9decin acteur du traitement oncologique\u00a0(oncologues \u2013 chirurgiens \u2013 sp\u00e9cialistes d\u2019organe) et repr\u00e9sente un moment fort de la relation de confiance entre soignants et patients, qui renforcent la prise en charge globale des patients atteints de cancer.<\/p><p>Cette consultation constitue un moment privil\u00e9gi\u00e9 o\u00f9 s\u2019expliquent la pathologie et la strat\u00e9gie th\u00e9rapeutique qui ont \u00e9t\u00e9 retenues par\u00a0l\u2019\u00e9quipe de concertation pluridisciplinaire.<\/p><p>En cas de d\u00e9cision de radioth\u00e9rapie (lien vers page info radioth\u00e9rapie) ou de chimioth\u00e9rapie ( lien vers page chimioth\u00e9rapie)<\/p><p>Explication par le m\u00e9decin canc\u00e9rologue des raisons des modalit\u00e9s et des effets secondaires de la\u00a0radioth\u00e9rapie\u00a0ainsi que le d\u00e9roulement des phases de pr\u00e9 centrage, centrage, simulation virtuelle, dosim\u00e9trie, mise en place et traitement<\/p><p>Le patient est ensuite pris en charge par la secr\u00e9taire de consultation qui r\u00e9explique au patient l\u2019organisation de la radioth\u00e9rapie et d\u00e9livre au patient son rendez-vous de pr\u00e9 centrage et de scanner de dosim\u00e9trie.<\/p>\t\t\t\t\t\t\t\t<\/div>\n\t\t\t\t<\/div>\n\t\t\t\t<\/div>\n\t\t\t\t\t<\/details>\n\t\t\t\t\t\t<details id=\"e-n-accordion-item-8214\" class=\"e-n-accordion-item\" >\n\t\t\t\t<summary class=\"e-n-accordion-item-title\" data-accordion-index=\"5\" tabindex=\"-1\" aria-expanded=\"false\" aria-controls=\"e-n-accordion-item-8214\" >\n\t\t\t\t\t<span class='e-n-accordion-item-title-header'><div class=\"e-n-accordion-item-title-text\"> Des r\u00e9ponses \u00e0 vos questions m\u00e9dicales <\/div><\/span>\n\t\t\t\t\t\t\t<span class='e-n-accordion-item-title-icon'>\n\t\t\t<span class='e-opened' ><svg aria-hidden=\"true\" class=\"e-font-icon-svg e-fas-minus\" viewBox=\"0 0 448 512\" xmlns=\"http:\/\/www.w3.org\/2000\/svg\"><path d=\"M416 208H32c-17.67 0-32 14.33-32 32v32c0 17.67 14.33 32 32 32h384c17.67 0 32-14.33 32-32v-32c0-17.67-14.33-32-32-32z\"><\/path><\/svg><\/span>\n\t\t\t<span class='e-closed'><svg aria-hidden=\"true\" class=\"e-font-icon-svg e-fas-plus\" viewBox=\"0 0 448 512\" xmlns=\"http:\/\/www.w3.org\/2000\/svg\"><path d=\"M416 208H272V64c0-17.67-14.33-32-32-32h-32c-17.67 0-32 14.33-32 32v144H32c-17.67 0-32 14.33-32 32v32c0 17.67 14.33 32 32 32h144v144c0 17.67 14.33 32 32 32h32c17.67 0 32-14.33 32-32V304h144c17.67 0 32-14.33 32-32v-32c0-17.67-14.33-32-32-32z\"><\/path><\/svg><\/span>\n\t\t<\/span>\n\n\t\t\t\t\t\t<\/summary>\n\t\t\t\t<div role=\"region\" aria-labelledby=\"e-n-accordion-item-8214\" class=\"elementor-element elementor-element-73bc4f8 e-con-full e-flex e-con e-child\" data-id=\"73bc4f8\" data-element_type=\"container\">\n\t\t\t\t<div class=\"elementor-element elementor-element-3a68578 elementor-widget elementor-widget-text-editor\" data-id=\"3a68578\" data-element_type=\"widget\" data-widget_type=\"text-editor.default\">\n\t\t\t\t<div class=\"elementor-widget-container\">\n\t\t\t\t\t\t\t\t\t<ul>\n \t<li><a href=\"\/cancerologie\/faq\/certains-facteurs-psychiques-peuvent-favoriser-lapparition-dun-cancer\/\">Est-ce que certains facteurs psychiques peuvent favoriser l\u2019apparition d\u2019un cancer ?<\/a><\/li>\n \t<li><a href=\"\/cancerologie\/faq\/facteurs-psychiques-peuvent-ameliorer-pronostique-dun-cancer-celui-sest-declare\/\">Est-ce que les facteurs psychiques peuvent am\u00e9liorer le pronostique d\u2019un cancer quand celui-ci s\u2019est d\u00e9clar\u00e9 ?<\/a><\/li>\n \t<li><a href=\"\/cancerologie\/faq\/cancer-plan-personnalise-de-soins\/\">Cancer : je b\u00e9n\u00e9ficie d\u2019un Plan Personnalis\u00e9 de Soins<\/a><\/li>\n \t<li><a href=\"\/cancerologie\/faq\/equipe-medicale-a-mes-cotes\/\">Cancer : je connais le r\u00f4le des membres de l\u2019\u00e9quipe m\u00e9dicale qui est \u00e0 mes c\u00f4t\u00e9s<\/a><\/li>\n \t<li><a href=\"\/cancerologie\/faq\/radiotherapie\/\">Cancer : je vais b\u00e9n\u00e9ficier d\u2019une radioth\u00e9rapie<\/a><\/li>\n \t<li><a href=\"\/cancerologie\/faq\/cancer-le-traitement-etabli-pour-moi-correspond-a-mon-cas\/\">Cancer : le traitement \u00e9tabli pour moi correspond \u00e0 mon cas<\/a><\/li>\n \t<li><a href=\"\/cancerologie\/faq\/cancer-et-bilans-sanguins-ce-que-je-dois-savoir\/\">Cancer et bilans sanguins ce que je dois savoir<\/a><\/li>\n \t<li><a href=\"\/cancerologie\/faq\/cancer-et-consequences\/\">Cancer et cons\u00e9quences possibles sur mes globules ou mes plaquettes<\/a><\/li>\n \t<li><a href=\"\/cancerologie\/faq\/chimiotherapie-effets-secondaires\/\">Chimioth\u00e9rapie : effets secondaires<\/a><\/li>\n \t<li><a href=\"\/cancerologie\/faq\/chimiotherapie-chute-de-cheveux\/\">Chimioth\u00e9rapie : je me pr\u00e9pare \u00e0 une \u00e9ventuelle chute de cheveux<\/a><\/li>\n \t<li><a href=\"\/cancerologie\/faq\/chimiotherapie-une-chambre-implantable\/\">Chimioth\u00e9rapie : une chambre implantable va m\u2019\u00eatre pos\u00e9e<\/a><\/li>\n \t<li><a href=\"\/cancerologie\/faq\/jai-des-polypes-intestinaux-quelle-surveillance-2\/\">J\u2019ai des polypes intestinaux : quelle surveillance ?<\/a><\/li>\n \t<li><a href=\"\/cancerologie\/faq\/jexamine-mes-seins-regulierement\/\">J\u2019examine mes seins r\u00e9guli\u00e8rement<\/a><\/li>\n \t<li><a href=\"\/cancerologie\/faq\/je-choisis-mon-ecran-solaire-en-connaissance-de-cause\/\">Je choisis mon \u00e9cran solaire en connaissance de cause<\/a><\/li>\n \t<li><a href=\"\/cancerologie\/faq\/je-comprends-a-quoi-peut-correspondre-une-douleur\/\">Je comprends \u00e0 quoi peut correspondre une douleur<\/a><\/li>\n \t<li><a href=\"\/cancerologie\/faq\/je-comprends-linteret-du-depistage-precoce-du-cancer\/\">Je comprends l\u2019int\u00e9r\u00eat du d\u00e9pistage pr\u00e9coce du cancer<\/a><\/li>\n \t<li><a href=\"\/cancerologie\/faq\/je-comprends-lobjectif-des-recommandations-medicales\/\">Je comprends l\u2019objectif des recommandations m\u00e9dicales<\/a><\/li>\n \t<li><a href=\"\/cancerologie\/faq\/je-comprends-linteret-de-la-morphine-dans-les-douleurs-aigues\/\">Je comprends l\u2019int\u00e9r\u00eat de la morphine dans les douleurs aig\u00fces<\/a><\/li>\n \t<li><a href=\"\/cancerologie\/faq\/je-minforme-sur-les-risques-dinfection-pendant-ma-chimiotherapie\/\">Je m\u2019informe sur les risques d\u2019infection pendant ma chimioth\u00e9rapie<\/a><\/li>\n \t<li><a href=\"\/cancerologie\/faq\/je-minforme-sur-les-therapies-ciblees-dans-la-prise-en-charge-du-cancer\/\">Je m\u2019informe sur les th\u00e9rapies cibl\u00e9es dans la prise en charge du cancer<\/a><\/li>\n \t<li><a href=\"\/cancerologie\/faq\/je-me-renseigne-sur-les-cancers-orl\/\">Je me renseigne sur les cancers ORL<\/a><\/li>\n \t<li><a href=\"\/cancerologie\/faq\/je-sais-comment-et-pourquoi-bien-prendre-mon-traitement\/\">Je sais comment et pourquoi bien prendre mon traitement<\/a><\/li>\n \t<li><a href=\"\/cancerologie\/faq\/je-signale-tous-les-effets-secondaires-meme-particuliers-ressentis-pendant-ma-chimiotherapie\/\">Je signale tous les effets secondaires, m\u00eame particuliers, ressentis pendant ma chimioth\u00e9rapie<\/a><\/li>\n \t<li><a href=\"\/cancerologie\/faq\/je-surveille-mes-grains-de-beaute\/\">Je surveille mes grains de beaut\u00e9<\/a><\/li>\n \t<li><a href=\"\/cancerologie\/faq\/je-vais-avoir-une-hormonotherapie-dans-le-cadre-du-traitement-de-mon-cancer\/\">Je vais avoir une hormonoth\u00e9rapie dans le cadre du traitement de mon cancer<\/a><\/li>\n \t<li><a href=\"\/cancerologie\/faq\/je-vais-avoir-une-radiotherapie-pour-traiter-mon-cancer-de-la-prostate\/\">Je vais avoir une radioth\u00e9rapie pour traiter mon cancer de la prostate<\/a><\/li>\n \t<li><a href=\"\/cancerologie\/faq\/la-prise-en-charge-de-la-douleur\/\">La prise en charge de la douleur<\/a><\/li>\n \t<li><a href=\"\/cancerologie\/faq\/morphine-je-comprends-sa-place-dans-les-douleurs-chroniques\/\">Morphine : je comprends sa place dans les douleurs chroniques<\/a><\/li>\n \t<li><a href=\"\/cancerologie\/faq\/morphine-je-discerne-le-vrai-du-faux\/\">Morphine : je discerne le vrai du faux<\/a><\/li>\n \t<li><a href=\"\/cancerologie\/faq\/non-guerissable-mon-cancer-devient-une-maladie-chronique-que-faire\/\">Non gu\u00e9rissable, mon cancer devient une maladie chronique : que faire<\/a><\/li>\n \t<li><a href=\"\/cancerologie\/prendre-rendez-vous\/\">Nos sp\u00e9cialistes r\u00e9pondent \u00e0 vos questions<\/a><\/li>\n \t<li><a href=\"\/cancerologie\/faq\/pour-ma-douleur-des-techniques-non-medicamenteuses\/\">Pour ma douleur : des techniques non m\u00e9dicamenteuses<\/a><\/li>\n \t<li><a href=\"\/cancerologie\/faq\/prevention-du-cancer-du-col-de-luterus-chez-les-jeunes-filles-ce-quil-faut-savoir\/\">Pr\u00e9vention du cancer du col de l\u2019ut\u00e9rus chez les jeunes filles : ce qu\u2019il faut savoir<\/a><\/li>\n \t<li><a href=\"\/cancerologie\/faq\/radiotherapie-effets-secondaires\/\">Radioth\u00e9rapie : effets secondaires<\/a><\/li>\n \t<li><a href=\"\/cancerologie\/faq\/radiotherapie-innovantes\/\">Radioth\u00e9rapie : mise en \u0153uvre de techniques de radioth\u00e9rapie innovantes<\/a><\/li>\n \t<li><a href=\"\/cancerologie\/faq\/recommandations-de-vaccination\/\">Recommandations de vaccination<\/a><\/li>\n<\/ul>\n\n<h3>Soutien psychologique<\/h3>\n<ul>\n \t<li><a href=\"\/cancerologie\/faq\/avec-le-psychologue-jai-retrouve-le-gout-de-vivre-malgre-mon-second-cancer\/\">Avec le psychologue, j\u2019ai retrouv\u00e9 le go\u00fbt de vivre, malgr\u00e9 mon second cancer<\/a><\/li>\n \t<li><a href=\"\/cancerologie\/faq\/cancer-je-beneficie-au-quotidien-de-soins-de-support\/\">Cancer : je b\u00e9n\u00e9ficie au quotidien de soins de support<\/a><\/li>\n \t<li><a href=\"\/cancerologie\/faq\/avoir-une-chimiotherapie\/\">Cancer : je vais avoir une chimioth\u00e9rapie<\/a><\/li>\n \t<li><a href=\"\/cancerologie\/faq\/effets-du-traitement-cancer\/\">J\u2019adapte mon mode de vie aux effets du traitement de mon cancer<\/a><\/li>\n \t<li><a href=\"\/cancerologie\/faq\/jai-un-cancer-et-mes-proches-maccompagnent-dans-cette-epreuve\/\">J\u2019ai un cancer et mes proches m\u2019accompagnent dans cette \u00e9preuve<\/a><\/li>\n \t<li><a href=\"\/cancerologie\/faq\/je-dois-annoncer-mon-cancer-a-mes-proches\/\">Je dois annoncer mon cancer \u00e0 mes proches<\/a><\/li>\n \t<li><a href=\"\/cancerologie\/faq\/je-minforme-sur-le-lien-entre-cancer-et-stress\/\">Je m\u2019informe sur le lien entre cancer et stress<\/a><\/li>\n \t<li><a href=\"\/cancerologie\/faq\/je-vais-dire-a-mes-enfants-que-jai-un-cancer\/\">Je vais dire \u00e0 mes enfants que j\u2019ai un cancer<\/a><\/li>\n \t<li><a href=\"\/cancerologie\/faq\/prise-en-charge-dun-melanome-ce-que-je-dois-savoir-2\/\">Prise en charge d\u2019un m\u00e9lanome : ce que je dois savoir<\/a><\/li>\n \t<li><a href=\"\/cancerologie\/faq\/traite-pour-mon-cancer-jeprouve-des-difficultes-sexuelles\/\">Trait\u00e9 pour mon cancer, j\u2019\u00e9prouve des difficult\u00e9s sexuelles<\/a><\/li>\n \t<li><a href=\"\/cancerologie\/faq\/un-psychologue-pour-maider-a-mieux-vivre-mon-cancer\/\">Un psychologue pour m\u2019aider \u00e0 mieux vivre mon cancer<\/a><\/li>\n \t<li><a href=\"\/cancerologie\/un-psychologue-pour-nous-aider-ma-famille-et-moi-face-au-cancer\/\">Un psychologue pour nous aider, ma famille et moi, face au cancer<\/a><\/li>\n \t<li><a href=\"\/cancerologie\/faq\/cancer-du-sein-groupe-de-parole\/\">Vid\u00e9o : Concern\u00e9e par le cancer du sein, je participe \u00e0 un groupe de parole<\/a><\/li>\n \t<li><a href=\"\/cancerologie\/faq\/cancergroupe-de-parole\/\">Vid\u00e9o : Je comprends tout ce qu\u2019un groupe de parole peut m\u2019apporter<\/a><\/li>\n \t<li><a href=\"\/cancerologie\/faq\/video-un-psychologue-pour-retrouver-lenvie-de-dire-oui-malgre-mon-cancer\/\">Vid\u00e9o : Un psychologue, pour retrouver l\u2019envie de dire \u00ab\u00a0oui\u00a0\u00bb malgr\u00e9 mon cancer<\/a><\/li>\n \t<li><a href=\"\/cancerologie\/faq\/video-un-psychologue-maide-a-affronter-la-solitude-face-a-mon-cancer\/\">Vid\u00e9o Un psychologue m\u2019aide \u00e0 affronter la solitude face \u00e0 mon cancer<\/a><\/li>\n<\/ul>\n<h3>Soutien social<\/h3>\n<ul>\n \t<li><a href=\"\/cancerologie\/faq\/je-voudrais-un-credit-mais-jai-une-maladie-jugee-grave\/\">Je voudrais un cr\u00e9dit mais j\u2019ai une maladie jug\u00e9e grave<\/a><\/li>\n \t<li><a href=\"\/cancerologie\/faq\/reprendre-mon-travail-apres-un-cancer-ce-que-je-dois-savoir\/\">Reprendre mon travail apr\u00e8s un cancer : ce que je dois savoir<\/a><\/li>\n<\/ul>\n<h3>Suivi nutritionnel<\/h3>\n<ul>\n \t<li><a href=\"\/cancerologie\/faq\/cancer-des-conseils-alimentaires-adaptes-me-sont-donnes\/\">Cancer : des conseils alimentaires adapt\u00e9s me sont donn\u00e9s<\/a><\/li>\n \t<li><a href=\"\/cancerologie\/faq\/je-garde-un-bon-equilibre-alimentaire-pendant-ma-chimiotherapie-en-suivant-des-conseils-logiques\/\">Je garde un bon \u00e9quilibre alimentaire pendant ma chimioth\u00e9rapie en suivant des conseils logiques<\/a><\/li>\n<\/ul>\t\t\t\t\t\t\t\t<\/div>\n\t\t\t\t<\/div>\n\t\t\t\t<\/div>\n\t\t\t\t\t<\/details>\n\t\t\t\t\t\t<details id=\"e-n-accordion-item-8215\" class=\"e-n-accordion-item\" >\n\t\t\t\t<summary class=\"e-n-accordion-item-title\" data-accordion-index=\"6\" tabindex=\"-1\" aria-expanded=\"false\" aria-controls=\"e-n-accordion-item-8215\" >\n\t\t\t\t\t<span class='e-n-accordion-item-title-header'><div class=\"e-n-accordion-item-title-text\"> Associations, sites et Forums \u00ab Oncologie \u00bb <\/div><\/span>\n\t\t\t\t\t\t\t<span class='e-n-accordion-item-title-icon'>\n\t\t\t<span class='e-opened' ><svg aria-hidden=\"true\" class=\"e-font-icon-svg e-fas-minus\" viewBox=\"0 0 448 512\" xmlns=\"http:\/\/www.w3.org\/2000\/svg\"><path d=\"M416 208H32c-17.67 0-32 14.33-32 32v32c0 17.67 14.33 32 32 32h384c17.67 0 32-14.33 32-32v-32c0-17.67-14.33-32-32-32z\"><\/path><\/svg><\/span>\n\t\t\t<span class='e-closed'><svg aria-hidden=\"true\" class=\"e-font-icon-svg e-fas-plus\" viewBox=\"0 0 448 512\" xmlns=\"http:\/\/www.w3.org\/2000\/svg\"><path d=\"M416 208H272V64c0-17.67-14.33-32-32-32h-32c-17.67 0-32 14.33-32 32v144H32c-17.67 0-32 14.33-32 32v32c0 17.67 14.33 32 32 32h144v144c0 17.67 14.33 32 32 32h32c17.67 0 32-14.33 32-32V304h144c17.67 0 32-14.33 32-32v-32c0-17.67-14.33-32-32-32z\"><\/path><\/svg><\/span>\n\t\t<\/span>\n\n\t\t\t\t\t\t<\/summary>\n\t\t\t\t<div role=\"region\" aria-labelledby=\"e-n-accordion-item-8215\" class=\"elementor-element elementor-element-18cb303 e-con-full e-flex e-con e-child\" data-id=\"18cb303\" data-element_type=\"container\">\n\t\t\t\t<div class=\"elementor-element elementor-element-ac36315 elementor-widget elementor-widget-text-editor\" data-id=\"ac36315\" data-element_type=\"widget\" data-widget_type=\"text-editor.default\">\n\t\t\t\t<div class=\"elementor-widget-container\">\n\t\t\t\t\t\t\t\t\t<h3>Associations<\/h3><ul><li><a href=\"https:\/\/crtt.net\/cancerologie\/faq\/etincelle-association-qui-peut-maider-a-surmonter-mon-cancer-du-sein\/\">Etincelle : association qui peut m\u2019aider \u00e0 surmonter mon cancer du sein<\/a><\/li><li><a href=\"https:\/\/crtt.net\/cancerologie\/faq\/la-vie-de-plus-belle\/\">Etre belle pendant le traitement de mon cancer avec \u00ab\u00a0La Vie de plus belle\u00a0\u00bb<\/a><\/li><\/ul><h3>\u00a0Sites<\/h3><ul><li><a title=\"La SFCP\" href=\"https:\/\/crtt.net\/cancerologie\/faq\/la-sfcp\/\">La SFCP\u00a0:\u00a0Soci\u00e9t\u00e9 Fran\u00e7aise de\u00a0Canc\u00e9rologie Prive<\/a><\/li><li><a href=\"http:\/\/www.oncolor.org\/\" target=\"_blank\" rel=\"noopener\">Oncolor\u00a0:\u00a0Le r\u00e9seau r\u00e9gional de canc\u00e9rologie en Lorraine publie des dossiers qui peuvent aider les patients<\/a><\/li><li><a href=\"http:\/\/www.oncorif.fr\/\" target=\"_blank\" rel=\"noopener\">ONCORIF\u00a0est le r\u00e9seau r\u00e9gional de canc\u00e9rologie d\u2019Ile-de-France<\/a><\/li><\/ul><h3>Forums<\/h3><ul><li>La SFCP\u00a0\u00a0:\u00a0<a href=\"http:\/\/sfcp-cancer.com\/forum-patients\" target=\"_blank\" rel=\"noopener\">Forum\u00a0patients<\/a><\/li><\/ul>\t\t\t\t\t\t\t\t<\/div>\n\t\t\t\t<\/div>\n\t\t\t\t<\/div>\n\t\t\t\t\t<\/details>\n\t\t\t\t\t<\/div>\n\t\t\t\t\t\t<\/div>\n\t\t\t\t<\/div>\n\t\t\t\t<\/div>\n\t\t\t\t<\/div>\n\t\t","protected":false},"excerpt":{"rendered":"<p>Charte de la personne hospitalis\u00e9e L\u2019objectif de la pr\u00e9sente charte est de faire conna\u00eetre aux personnes malades, accueillies dans les \u00e9tablissements de sant\u00e9, leurs droits essentiels tels qu\u2019ils sont affirm\u00e9s par les lois \u2013 notamment la loi du 4 mars 2002 relative aux droits des malades et \u00e0 la qualit\u00e9 du syst\u00e8me de sant\u00e9 \u2013 [&hellip;]<\/p>\n","protected":false},"author":1,"featured_media":0,"parent":0,"menu_order":0,"comment_status":"closed","ping_status":"closed","template":"","meta":{"footnotes":""},"class_list":["post-55","page","type-page","status-publish","hentry"],"_links":{"self":[{"href":"https:\/\/crtt.net\/cancerologie\/wp-json\/wp\/v2\/pages\/55","targetHints":{"allow":["GET"]}}],"collection":[{"href":"https:\/\/crtt.net\/cancerologie\/wp-json\/wp\/v2\/pages"}],"about":[{"href":"https:\/\/crtt.net\/cancerologie\/wp-json\/wp\/v2\/types\/page"}],"author":[{"embeddable":true,"href":"https:\/\/crtt.net\/cancerologie\/wp-json\/wp\/v2\/users\/1"}],"replies":[{"embeddable":true,"href":"https:\/\/crtt.net\/cancerologie\/wp-json\/wp\/v2\/comments?post=55"}],"version-history":[{"count":27,"href":"https:\/\/crtt.net\/cancerologie\/wp-json\/wp\/v2\/pages\/55\/revisions"}],"predecessor-version":[{"id":3405,"href":"https:\/\/crtt.net\/cancerologie\/wp-json\/wp\/v2\/pages\/55\/revisions\/3405"}],"wp:attachment":[{"href":"https:\/\/crtt.net\/cancerologie\/wp-json\/wp\/v2\/media?parent=55"}],"curies":[{"name":"wp","href":"https:\/\/api.w.org\/{rel}","templated":true}]}}