{"id":543,"date":"2012-08-28T13:41:47","date_gmt":"2012-08-28T13:41:47","guid":{"rendered":"http:\/\/michelongas.com\/?p=543"},"modified":"2012-08-28T13:41:47","modified_gmt":"2012-08-28T13:41:47","slug":"etincelle-association-qui-peut-maider-a-surmonter-mon-cancer-du-sein","status":"publish","type":"page","link":"https:\/\/crtt.net\/cancerologie\/faq\/etincelle-association-qui-peut-maider-a-surmonter-mon-cancer-du-sein\/","title":{"rendered":"Etincelle : association qui peut m&rsquo;aider \u00e0 surmonter mon cancer du sein"},"content":{"rendered":"<p>&nbsp;<\/p>\n<p><a href=\"http:\/\/www.etincelle.asso.fr\" target=\"_blank\" rel=\"noopener\">Etincelle<\/a> est une association qui s\u2019est donn\u00e9 pour mission d\u2019accueillir, \u00e9couter, \u00ab entendre \u00bb la demande des femmes,\u00a0m\u00eame si elle n\u2019est pas clairement formul\u00e9e, et les orienter utilement si besoin est\u00a0<a href=\"http:\/\/www.etincelle.asso.fr\" target=\"_blank\" rel=\"noopener\">www.etincelle.asso.fr<\/a><\/p>\n<h3>TH\u00c8ME<\/h3>\n<p>Soutien psychologique, conseils nutritionnels, r\u00e9flexoth\u00e9rapie, soins du visage, chute de cheveux et des ongles, groupes de parole,\u00a0atelier d\u2019\u00e9criture, sophrologie, brochures&#8230; telles sont les rubriques pratiques que l\u2019on trouve sur le site de l\u2019<a href=\"http:\/\/www.etincelle.asso.fr\" target=\"_blank\" rel=\"noopener\">association Etincelle<\/a>.<\/p>\n<p><a href=\"http:\/\/www.etincelle.asso.fr\/\" target=\"_blank\" rel=\"noopener\"><img decoding=\"async\" class=\"size-medium wp-image-546 aligncenter\" title=\"Logo-Association-Etincelle\" alt=\"\" src=\"https:\/\/crtt.net\/cancerologie\/wp-content\/uploads\/sites\/3\/2012\/08\/Logo-Association-Etincelle-300x160.jpg\" width=\"300\" height=\"160\" srcset=\"https:\/\/crtt.net\/cancerologie\/wp-content\/uploads\/sites\/3\/2012\/08\/Logo-Association-Etincelle-300x160.jpg 300w, https:\/\/crtt.net\/cancerologie\/wp-content\/uploads\/sites\/3\/2012\/08\/Logo-Association-Etincelle.jpg 693w\" sizes=\"(max-width: 300px) 100vw, 300px\" \/><\/a><\/p>\n<h3>CELLES QUI SONT CONCERN\u00c9ES<\/h3>\n<p><a href=\"http:\/\/www.etincelle.asso.fr\" target=\"_blank\" rel=\"noopener\">Etincelle<\/a> est un espace d\u00e9di\u00e9 aux femmes atteintes d\u2019un cancer.<\/p>\n<h3>OBJECTIF<\/h3>\n<p>Retrouver sa f\u00e9minit\u00e9, sa confiance en soi, quand on est atteinte d\u2019un cancer, c\u2019est un objectif qui aide \u00e0 entrevoir la lumi\u00e8re au bout\u00a0du tunnel.<\/p>\n<ul>\n<li>Accueillir, \u00e9couter, \u00ab entendre \u00bb la demande des femmes, m\u00eame si elle n&rsquo;est pas clairement formul\u00e9e, et les orienter\u00a0utilement si besoin est. Nos b\u00e9n\u00e9voles participent \u00e0 ce dialogue.<\/li>\n<li>Etre utile, c\u2019est-\u00e0-dire selon la sp\u00e9cialit\u00e9 et les besoins, tenter d\u2019apporter des solutions aux pr\u00e9occupations des personnes,\u00a0leur redonner confiance en elles.<\/li>\n<li>Restaurer leur image gr\u00e2ce \u00e0 des soins sp\u00e9cifiques.<\/li>\n<li>Offrir un lieu de rencontres et d\u2019\u00e9changes o\u00f9 les femmes peuvent parler librement et o\u00f9 s&rsquo;exerce la solidarit\u00e9.<\/li>\n<\/ul>\n<h3>ORIGINE<\/h3>\n<p>Pr\u00e9sidente Fondatrice : Josette Rousselet-Blanc.<br \/>Gr\u00e2ce \u00e0 l\u2019hospitalit\u00e9 accord\u00e9e par la mairie d&rsquo;Issy-les-Moulineaux, <a href=\"http:\/\/www.etincelle.asso.fr\" target=\"_blank\" rel=\"noopener\">Etincelle<\/a> s\u2019est install\u00e9e en dehors de l\u2019h\u00f4pital, dans le cadre\u00a0agr\u00e9able du Centre de Sant\u00e9 \u00a0municipal d\u2019Issy-les-Moulineaux.<\/p>\n<h3>CONTENU<\/h3>\n<p>Actualit\u00e9s Etincelle, soutien psychologique, conseils nutritionnels, r\u00e9flexoth\u00e9rapie, soins du visage, chute de cheveux et des ongles,\u00a0groupes de parole, atelier d\u2019\u00e9criture, sophrologie, brochures&#8230; tels sont les services propos\u00e9s par Etincelle.<\/p>\n<h3>LES PLUS<\/h3>\n<p>Des services destin\u00e9s aux femmes et \u00e0 elles seules.<\/p>\n<p>L\u2019ensemble des services propos\u00e9s est gratuit.<\/p>\n<h3><a href=\"http:\/\/www.etincelle.asso.fr\" target=\"_blank\" rel=\"noopener\">ETINCELLE<\/a><\/h3>\n<p>27 bis, boulevard Victor-Cresson<br \/>92130 Issy-les-Moulineaux.<br \/>T\u00e9l. : 01 44 30 03 03.<br \/>mail : etincelle@etincelle.asso.fr<\/p>\n<p><a href=\"https:\/\/www.google.fr\/maps\/search\/27+bis+avenue+victor+cresson,+issy+les+moulineaux\/@48.822915,2.269363,1048m\/data=!3m1!4b1?hl=fr&amp;dg=dbrw&amp;newdg=1\" target=\"_blank\" rel=\"noopener\">Google Maps<\/a><\/p>\n","protected":false},"excerpt":{"rendered":"<p>&nbsp; Etincelle est une association qui s\u2019est donn\u00e9 pour mission d\u2019accueillir, \u00e9couter, \u00ab entendre \u00bb la demande des femmes,\u00a0m\u00eame si elle n\u2019est pas clairement formul\u00e9e, et les orienter utilement si besoin est\u00a0www.etincelle.asso.fr TH\u00c8ME Soutien psychologique, conseils nutritionnels, r\u00e9flexoth\u00e9rapie, soins du visage, chute de cheveux et des ongles, groupes de parole,\u00a0atelier d\u2019\u00e9criture, sophrologie, brochures&#8230; telles sont [&hellip;]<\/p>\n","protected":false},"author":1,"featured_media":546,"parent":55,"menu_order":0,"comment_status":"closed","ping_status":"closed","template":"","meta":{"footnotes":""},"class_list":["post-543","page","type-page","status-publish","has-post-thumbnail","hentry"],"_links":{"self":[{"href":"https:\/\/crtt.net\/cancerologie\/wp-json\/wp\/v2\/pages\/543","targetHints":{"allow":["GET"]}}],"collection":[{"href":"https:\/\/crtt.net\/cancerologie\/wp-json\/wp\/v2\/pages"}],"about":[{"href":"https:\/\/crtt.net\/cancerologie\/wp-json\/wp\/v2\/types\/page"}],"author":[{"embeddable":true,"href":"https:\/\/crtt.net\/cancerologie\/wp-json\/wp\/v2\/users\/1"}],"replies":[{"embeddable":true,"href":"https:\/\/crtt.net\/cancerologie\/wp-json\/wp\/v2\/comments?post=543"}],"version-history":[{"count":0,"href":"https:\/\/crtt.net\/cancerologie\/wp-json\/wp\/v2\/pages\/543\/revisions"}],"up":[{"embeddable":true,"href":"https:\/\/crtt.net\/cancerologie\/wp-json\/wp\/v2\/pages\/55"}],"wp:featuredmedia":[{"embeddable":true,"href":"https:\/\/crtt.net\/cancerologie\/wp-json\/wp\/v2\/media\/546"}],"wp:attachment":[{"href":"https:\/\/crtt.net\/cancerologie\/wp-json\/wp\/v2\/media?parent=543"}],"curies":[{"name":"wp","href":"https:\/\/api.w.org\/{rel}","templated":true}]}}