{"id":533,"date":"2012-08-28T13:28:51","date_gmt":"2012-08-28T13:28:51","guid":{"rendered":"http:\/\/michelongas.com\/?p=533"},"modified":"2012-08-28T13:28:51","modified_gmt":"2012-08-28T13:28:51","slug":"cancer-du-sein-groupe-de-parole","status":"publish","type":"page","link":"https:\/\/crtt.net\/cancerologie\/faq\/cancer-du-sein-groupe-de-parole\/","title":{"rendered":"Video : Concern\u00e9e par le cancer du sein, je participe \u00e0 un groupe de parole"},"content":{"rendered":"<p><strong>Cette vid\u00e9o raconte ce que les \u00e9changes et l\u2019\u00e9coute apportent \u00e0 deux femmes ayant un cancer du sein et participant \u00e0 un m\u00eame groupe de parole. Ce groupe est anim\u00e9 par un psychologue. Soutien, partage, force, r\u00e9confort, conseil, entraide : d\u00e9couvrez le principe des groupes de parole.\u00a0<\/strong><\/p>\n<div style=\"width: 440px;\" class=\"wp-video\"><video class=\"wp-video-shortcode\" id=\"video-533-1\" width=\"440\" height=\"246\" preload=\"metadata\" controls=\"controls\"><source type=\"video\/mp4\" src=\"https:\/\/crtt.net\/cancerologie\/wp-content\/uploads\/sites\/3\/2012\/08\/Concernee-par-le-cancer-du-sein.mp4?_=1\" \/><a href=\"https:\/\/crtt.net\/cancerologie\/wp-content\/uploads\/sites\/3\/2012\/08\/Concernee-par-le-cancer-du-sein.mp4\">https:\/\/crtt.net\/cancerologie\/wp-content\/uploads\/sites\/3\/2012\/08\/Concernee-par-le-cancer-du-sein.mp4<\/a><\/video><\/div>\n<hr \/>\n<p>Article S\u00e9lectionn\u00e9\u00a0pour vous \u00a0par les\u00a0docteurs\u00a0<strong>Erick Chirat,\u00a0Laurence Vitu-Loas et \u00a0Anne Thiellet<\/strong><\/p>\n<p><strong>Informations sur le document<\/strong><\/p>\n<p><img decoding=\"async\" src=\"\/cancerologie\/wp-content\/uploads\/sites\/3\/2024\/09\/docvitae.png\" alt=\"\" width=\"150px\" height=\"50px\" \/><\/p>\n<p>Docvitae\u00ae est une marque d\u00e9pos\u00e9e de Merck &amp; Corp., filiale de Merck &amp; Co., Inc., Whitehouse Station, NJ, USA.<\/p>\n","protected":false},"excerpt":{"rendered":"<p>Cette vid\u00e9o raconte ce que les \u00e9changes et l\u2019\u00e9coute apportent \u00e0 deux femmes ayant un cancer du sein et participant \u00e0 un m\u00eame groupe de parole. Ce groupe est anim\u00e9 par un psychologue. Soutien, partage, force, r\u00e9confort, conseil, entraide : d\u00e9couvrez le principe des groupes de parole.\u00a0 Article S\u00e9lectionn\u00e9\u00a0pour vous \u00a0par les\u00a0docteurs\u00a0Erick Chirat,\u00a0Laurence Vitu-Loas et [&hellip;]<\/p>\n","protected":false},"author":1,"featured_media":0,"parent":55,"menu_order":0,"comment_status":"closed","ping_status":"open","template":"","meta":{"footnotes":""},"class_list":["post-533","page","type-page","status-publish","hentry"],"_links":{"self":[{"href":"https:\/\/crtt.net\/cancerologie\/wp-json\/wp\/v2\/pages\/533","targetHints":{"allow":["GET"]}}],"collection":[{"href":"https:\/\/crtt.net\/cancerologie\/wp-json\/wp\/v2\/pages"}],"about":[{"href":"https:\/\/crtt.net\/cancerologie\/wp-json\/wp\/v2\/types\/page"}],"author":[{"embeddable":true,"href":"https:\/\/crtt.net\/cancerologie\/wp-json\/wp\/v2\/users\/1"}],"replies":[{"embeddable":true,"href":"https:\/\/crtt.net\/cancerologie\/wp-json\/wp\/v2\/comments?post=533"}],"version-history":[{"count":0,"href":"https:\/\/crtt.net\/cancerologie\/wp-json\/wp\/v2\/pages\/533\/revisions"}],"up":[{"embeddable":true,"href":"https:\/\/crtt.net\/cancerologie\/wp-json\/wp\/v2\/pages\/55"}],"wp:attachment":[{"href":"https:\/\/crtt.net\/cancerologie\/wp-json\/wp\/v2\/media?parent=533"}],"curies":[{"name":"wp","href":"https:\/\/api.w.org\/{rel}","templated":true}]}}