{"id":2059,"date":"2016-12-21T11:42:55","date_gmt":"2016-12-21T10:42:55","guid":{"rendered":"http:\/\/mg.crtt.net\/cancerologie\/?page_id=2059"},"modified":"2024-09-13T11:19:02","modified_gmt":"2024-09-13T09:19:02","slug":"qui-sommes-nous","status":"publish","type":"page","link":"https:\/\/crtt.net\/cancerologie\/qui-sommes-nous\/","title":{"rendered":"Qui sommes nous ?"},"content":{"rendered":"\t\t<div data-elementor-type=\"wp-page\" data-elementor-id=\"2059\" class=\"elementor elementor-2059\" data-elementor-post-type=\"page\">\n\t\t\t\t<div class=\"elementor-element elementor-element-3d0aae3 e-con-full e-flex e-con e-parent\" data-id=\"3d0aae3\" data-element_type=\"container\">\n\t\t<div class=\"elementor-element elementor-element-53278aa e-con-full e-flex e-con e-child\" data-id=\"53278aa\" data-element_type=\"container\">\n\t\t\t\t<div class=\"elementor-element elementor-element-09fe474 elementor-widget elementor-widget-text-editor\" data-id=\"09fe474\" data-element_type=\"widget\" data-widget_type=\"text-editor.default\">\n\t\t\t\t<div class=\"elementor-widget-container\">\n\t\t\t\t\t\t\t\t\t<p>Le CRTT est constitu\u00e9 d\u2019un centre d\u2019imagerie m\u00e9dicale ainsi que d\u2019un centre de canc\u00e9rologie situ\u00e9s \u00e0\u00a0Versailles \u00a0dans les locaux de la clinique des Franciscaines.<\/p><p>Le groupe m\u00e9dical, qui avait cr\u00e9\u00e9 un cabinet d\u2019imagerie m\u00e9dicale et de cobaltoth\u00e9rapie au sein de la clinique de Meudon-la-For\u00eat lors de sa fondation en 1965, est \u00e0 l\u2019origine du C.R.T.T.<\/p><p>Les \u00e9volutions technologiques multiples et la volont\u00e9 de constituer une \u00e9quipe m\u00e9dicale multidisciplinaire avec hypersp\u00e9cialisation au sein des sp\u00e9cialit\u00e9s d\u2019imagerie m\u00e9dicale et de canc\u00e9rologie ont n\u00e9cessit\u00e9 de compl\u00e9ter d\u00e8s 1989 le site de la clinique, devenu exigu, par la construction d\u2019un \u00e9tablissement \u00e0 Meudon la for\u00eat au 7 avenue de Villacoublay.<\/p>\t\t\t\t\t\t\t\t<\/div>\n\t\t\t\t<\/div>\n\t\t\t\t<\/div>\n\t\t<div class=\"elementor-element elementor-element-09d492c e-con-full e-flex e-con e-child\" data-id=\"09d492c\" data-element_type=\"container\" data-settings=\"{&quot;background_background&quot;:&quot;classic&quot;}\">\n\t\t\t\t<\/div>\n\t\t<div class=\"elementor-element elementor-element-053dcab e-con-full e-flex e-con e-child\" data-id=\"053dcab\" data-element_type=\"container\" data-settings=\"{&quot;background_background&quot;:&quot;classic&quot;}\">\n\t\t\t\t<\/div>\n\t\t<div class=\"elementor-element elementor-element-6df058c e-con-full e-flex e-con e-child\" data-id=\"6df058c\" data-element_type=\"container\">\n\t\t\t\t<div class=\"elementor-element elementor-element-3e3c1c5d elementor-widget elementor-widget-text-editor\" data-id=\"3e3c1c5d\" data-element_type=\"widget\" data-widget_type=\"text-editor.default\">\n\t\t\t\t<div class=\"elementor-widget-container\">\n\t\t\t\t\t\t\t\t\t<p>C\u2019est sur un terrain jouxtant la clinique et vendu par la Ville de Meudon, soucieuse de faire b\u00e9n\u00e9ficier ses administr\u00e9s d\u2019une prise en charge m\u00e9dicale de qualit\u00e9, que ce b\u00e2timent du CRTT a \u00e9t\u00e9 construit. Il accueille d\u00e8s sa cr\u00e9ation un Scanner et un acc\u00e9l\u00e9rateur de particule de 25 MEV.<\/p><p>En 2002, les exigences du progr\u00e8s radiologique et en particulier la num\u00e9risation am\u00e8nent \u00e0 installer au 1er \u00e9tage du CRTT un nouveau service d\u2019imagerie m\u00e9dicale, en compl\u00e9ment de celui de la clinique.<\/p><p>Soucieuse de maintenir le haut niveau de performance m\u00e9dicale et technologique au service de ses patients, l\u2019\u00e9quipe du CRTT am\u00e9liore et renouvelle tr\u00e8s r\u00e9guli\u00e8rement son mat\u00e9riel et renforce son \u00e9quipe m\u00e9dicale tant en canc\u00e9rologie qu\u2019en imagerie m\u00e9dicale.<\/p>\t\t\t\t\t\t\t\t<\/div>\n\t\t\t\t<\/div>\n\t\t\t\t<\/div>\n\t\t<div class=\"elementor-element elementor-element-f0f3b1f e-con-full e-flex e-con e-child\" data-id=\"f0f3b1f\" data-element_type=\"container\">\n\t\t\t\t<div class=\"elementor-element elementor-element-1fa8710 elementor-widget elementor-widget-text-editor\" data-id=\"1fa8710\" data-element_type=\"widget\" data-widget_type=\"text-editor.default\">\n\t\t\t\t<div class=\"elementor-widget-container\">\n\t\t\t\t\t\t\t\t\t<p>En 2003, le CRTT a repris, \u00e0 la demande de la clinique des Soeurs Franciscaines de Versailles, la responsabilit\u00e9 de son service d\u2019imagerie m\u00e9dicale en s\u2019associant aux radiologues y exer\u00e7ant. Il y exploite un service de radiologie conventionnelle et num\u00e9ris\u00e9e, en participant au service public d\u2019astreinte m\u00e9dicale jour et nuit. En D\u00e9cembre 2006, il obtient l\u2019autorisation des tutelles pour installer et exploiter une\u00a0IRM\u00a0ouverte au public en D\u00e9cembre 2007.<\/p><p>Les r\u00e9unions de concertation pluridisciplinaire (RCP) de canc\u00e9rologie\u00a0ont d\u00e9but\u00e9 depuis 2004 \u00e0 Versailles.<\/p><p>Le centre de radioth\u00e9rapie de Versailles a ouvert fin 2009 sur un site contigu \u00e0 la clinique des Franciscaines. Les canc\u00e9rologues assurent consultations et traitements.<\/p>\t\t\t\t\t\t\t\t<\/div>\n\t\t\t\t<\/div>\n\t\t\t\t<\/div>\n\t\t<div class=\"elementor-element elementor-element-3c7b70f e-con-full e-flex e-con e-child\" data-id=\"3c7b70f\" data-element_type=\"container\" data-settings=\"{&quot;background_background&quot;:&quot;classic&quot;}\">\n\t\t\t\t<\/div>\n\t\t<div class=\"elementor-element elementor-element-a25a859 e-con-full e-flex e-con e-child\" data-id=\"a25a859\" data-element_type=\"container\" data-settings=\"{&quot;background_background&quot;:&quot;classic&quot;}\">\n\t\t\t\t<\/div>\n\t\t<div class=\"elementor-element elementor-element-91645b6 e-con-full e-flex e-con e-child\" data-id=\"91645b6\" data-element_type=\"container\">\n\t\t\t\t<div class=\"elementor-element elementor-element-893ccf4 elementor-widget elementor-widget-text-editor\" data-id=\"893ccf4\" data-element_type=\"widget\" data-widget_type=\"text-editor.default\">\n\t\t\t\t<div class=\"elementor-widget-container\">\n\t\t\t\t\t\t\t\t\t<p>Le 1er janvier 2017, les locaux du CRTT de Meudon situ\u00e9s au 7 avenue de Villacoublay, ainsi que l\u2019activit\u00e9 de radiologie s\u2019y rattachant deviennent la propri\u00e9t\u00e9 de la clinique de Meudon.<\/p><p>Le CRTT est maintenant une structure totalement ind\u00e9pendante de la clinique de Meudon-La-For\u00eat.<\/p><p>Pour des raisons pratiques et afin d\u2019optimiser la couverture du territoire en mati\u00e8re d\u2019acc\u00e8s aux traitements de canc\u00e9rologie, les canc\u00e9rologues continuent d\u2019exercer dans les locaux de la clinique de Meudon-la-for\u00eat o\u00f9 ils effectuent certaines consultations et l\u2019ensemble des chimioth\u00e9rapies.<\/p><p><a href=\"https:\/\/crtt.net\/cancerologie\/informations-pratiques\/\">Informations pratiques<\/a><\/p>\t\t\t\t\t\t\t\t<\/div>\n\t\t\t\t<\/div>\n\t\t\t\t<\/div>\n\t\t\t\t<\/div>\n\t\t<div class=\"elementor-element elementor-element-251843b6 e-con-full e-flex e-con e-parent\" data-id=\"251843b6\" data-element_type=\"container\">\n\t\t\t\t<div class=\"elementor-element elementor-element-d4534d0 elementor-widget elementor-widget-gallery\" data-id=\"d4534d0\" data-element_type=\"widget\" data-settings=\"{&quot;columns&quot;:5,&quot;lazyload&quot;:&quot;yes&quot;,&quot;gallery_layout&quot;:&quot;grid&quot;,&quot;columns_tablet&quot;:2,&quot;columns_mobile&quot;:1,&quot;gap&quot;:{&quot;unit&quot;:&quot;px&quot;,&quot;size&quot;:10,&quot;sizes&quot;:[]},&quot;gap_tablet&quot;:{&quot;unit&quot;:&quot;px&quot;,&quot;size&quot;:10,&quot;sizes&quot;:[]},&quot;gap_mobile&quot;:{&quot;unit&quot;:&quot;px&quot;,&quot;size&quot;:10,&quot;sizes&quot;:[]},&quot;aspect_ratio&quot;:&quot;3:2&quot;,&quot;overlay_background&quot;:&quot;yes&quot;,&quot;content_hover_animation&quot;:&quot;fade-in&quot;}\" data-widget_type=\"gallery.default\">\n\t\t\t\t<div class=\"elementor-widget-container\">\n\t\t\t\t\t\t\t<div class=\"elementor-gallery__container\">\n\t\t\t\t\t\t\t<div class=\"e-gallery-item elementor-gallery-item elementor-animated-content\">\n\t\t\t\t\t<div class=\"e-gallery-image elementor-gallery-item__image\" data-thumbnail=\"https:\/\/crtt.net\/cancerologie\/wp-content\/uploads\/sites\/3\/2024\/09\/CRTT-cancerologie-59-300x200.jpg\" data-width=\"300\" data-height=\"200\" aria-label=\"\" role=\"img\" ><\/div>\n\t\t\t\t\t\t\t\t\t\t\t<div class=\"elementor-gallery-item__overlay\"><\/div>\n\t\t\t\t\t\t\t\t\t\t\t\t\t\t<\/div>\n\t\t\t\t\t\t\t<div class=\"e-gallery-item elementor-gallery-item elementor-animated-content\">\n\t\t\t\t\t<div class=\"e-gallery-image elementor-gallery-item__image\" data-thumbnail=\"https:\/\/crtt.net\/cancerologie\/wp-content\/uploads\/sites\/3\/2024\/09\/CRTT-radiotherapie-2-300x200.png\" data-width=\"300\" data-height=\"200\" aria-label=\"\" role=\"img\" ><\/div>\n\t\t\t\t\t\t\t\t\t\t\t<div class=\"elementor-gallery-item__overlay\"><\/div>\n\t\t\t\t\t\t\t\t\t\t\t\t\t\t<\/div>\n\t\t\t\t\t\t\t<div class=\"e-gallery-item elementor-gallery-item elementor-animated-content\">\n\t\t\t\t\t<div class=\"e-gallery-image elementor-gallery-item__image\" data-thumbnail=\"https:\/\/crtt.net\/cancerologie\/wp-content\/uploads\/sites\/3\/2024\/09\/radiotherapie-masque-de-contention-pour-tumeur-de-la-tete-et-du-coup-2-300x225.png\" data-width=\"300\" data-height=\"225\" aria-label=\"\" role=\"img\" ><\/div>\n\t\t\t\t\t\t\t\t\t\t\t<div class=\"elementor-gallery-item__overlay\"><\/div>\n\t\t\t\t\t\t\t\t\t\t\t\t\t\t<\/div>\n\t\t\t\t\t\t\t<div class=\"e-gallery-item elementor-gallery-item elementor-animated-content\">\n\t\t\t\t\t<div class=\"e-gallery-image elementor-gallery-item__image\" data-thumbnail=\"https:\/\/crtt.net\/cancerologie\/wp-content\/uploads\/sites\/3\/2024\/09\/CRTT-cancerologie-25-300x200.jpg\" data-width=\"300\" data-height=\"200\" aria-label=\"\" role=\"img\" ><\/div>\n\t\t\t\t\t\t\t\t\t\t\t<div class=\"elementor-gallery-item__overlay\"><\/div>\n\t\t\t\t\t\t\t\t\t\t\t\t\t\t<\/div>\n\t\t\t\t\t\t\t<div class=\"e-gallery-item elementor-gallery-item elementor-animated-content\">\n\t\t\t\t\t<div class=\"e-gallery-image elementor-gallery-item__image\" data-thumbnail=\"https:\/\/crtt.net\/cancerologie\/wp-content\/uploads\/sites\/3\/2024\/09\/CRTT-cancerologie-56-300x200.jpg\" data-width=\"300\" data-height=\"200\" aria-label=\"\" role=\"img\" ><\/div>\n\t\t\t\t\t\t\t\t\t\t\t<div class=\"elementor-gallery-item__overlay\"><\/div>\n\t\t\t\t\t\t\t\t\t\t\t\t\t\t<\/div>\n\t\t\t\t\t\t\t<div class=\"e-gallery-item elementor-gallery-item elementor-animated-content\">\n\t\t\t\t\t<div class=\"e-gallery-image elementor-gallery-item__image\" data-thumbnail=\"https:\/\/crtt.net\/cancerologie\/wp-content\/uploads\/sites\/3\/2024\/09\/Radiotherapie-masque-de-contention-pour-tumeur-de-la-tete-et-du-coup-300x200.png\" data-width=\"300\" data-height=\"200\" aria-label=\"\" role=\"img\" ><\/div>\n\t\t\t\t\t\t\t\t\t\t\t<div class=\"elementor-gallery-item__overlay\"><\/div>\n\t\t\t\t\t\t\t\t\t\t\t\t\t\t<\/div>\n\t\t\t\t\t\t\t<div class=\"e-gallery-item elementor-gallery-item elementor-animated-content\">\n\t\t\t\t\t<div class=\"e-gallery-image elementor-gallery-item__image\" data-thumbnail=\"https:\/\/crtt.net\/cancerologie\/wp-content\/uploads\/sites\/3\/2024\/09\/CRTT-cancerologie-55-300x200.jpg\" data-width=\"300\" data-height=\"200\" aria-label=\"\" role=\"img\" ><\/div>\n\t\t\t\t\t\t\t\t\t\t\t<div class=\"elementor-gallery-item__overlay\"><\/div>\n\t\t\t\t\t\t\t\t\t\t\t\t\t\t<\/div>\n\t\t\t\t\t\t\t<div class=\"e-gallery-item elementor-gallery-item elementor-animated-content\">\n\t\t\t\t\t<div class=\"e-gallery-image elementor-gallery-item__image\" data-thumbnail=\"https:\/\/crtt.net\/cancerologie\/wp-content\/uploads\/sites\/3\/2024\/09\/CRTT-cancerologie-53-300x200.jpg\" data-width=\"300\" data-height=\"200\" aria-label=\"\" role=\"img\" ><\/div>\n\t\t\t\t\t\t\t\t\t\t\t<div class=\"elementor-gallery-item__overlay\"><\/div>\n\t\t\t\t\t\t\t\t\t\t\t\t\t\t<\/div>\n\t\t\t\t\t\t\t<div class=\"e-gallery-item elementor-gallery-item elementor-animated-content\">\n\t\t\t\t\t<div class=\"e-gallery-image elementor-gallery-item__image\" data-thumbnail=\"https:\/\/crtt.net\/cancerologie\/wp-content\/uploads\/sites\/3\/2024\/09\/CRTT-cancerologie-15-300x200.jpg\" data-width=\"300\" data-height=\"200\" aria-label=\"\" role=\"img\" ><\/div>\n\t\t\t\t\t\t\t\t\t\t\t<div class=\"elementor-gallery-item__overlay\"><\/div>\n\t\t\t\t\t\t\t\t\t\t\t\t\t\t<\/div>\n\t\t\t\t\t\t\t<div class=\"e-gallery-item elementor-gallery-item elementor-animated-content\">\n\t\t\t\t\t<div class=\"e-gallery-image elementor-gallery-item__image\" data-thumbnail=\"https:\/\/crtt.net\/cancerologie\/wp-content\/uploads\/sites\/3\/2024\/09\/CRTT-cancerologie-09-300x200.jpg\" data-width=\"300\" data-height=\"200\" aria-label=\"\" role=\"img\" ><\/div>\n\t\t\t\t\t\t\t\t\t\t\t<div class=\"elementor-gallery-item__overlay\"><\/div>\n\t\t\t\t\t\t\t\t\t\t\t\t\t\t<\/div>\n\t\t\t\t\t\t\t<div class=\"e-gallery-item elementor-gallery-item elementor-animated-content\">\n\t\t\t\t\t<div class=\"e-gallery-image elementor-gallery-item__image\" data-thumbnail=\"https:\/\/crtt.net\/cancerologie\/wp-content\/uploads\/sites\/3\/2024\/09\/CRTT-cancerologie-52-300x200.jpg\" data-width=\"300\" data-height=\"200\" aria-label=\"\" role=\"img\" ><\/div>\n\t\t\t\t\t\t\t\t\t\t\t<div class=\"elementor-gallery-item__overlay\"><\/div>\n\t\t\t\t\t\t\t\t\t\t\t\t\t\t<\/div>\n\t\t\t\t\t\t\t<div class=\"e-gallery-item elementor-gallery-item elementor-animated-content\">\n\t\t\t\t\t<div class=\"e-gallery-image elementor-gallery-item__image\" data-thumbnail=\"https:\/\/crtt.net\/cancerologie\/wp-content\/uploads\/sites\/3\/2024\/09\/CRTT-cancerologie-37-200x300.jpg\" data-width=\"200\" data-height=\"300\" aria-label=\"\" role=\"img\" ><\/div>\n\t\t\t\t\t\t\t\t\t\t\t<div class=\"elementor-gallery-item__overlay\"><\/div>\n\t\t\t\t\t\t\t\t\t\t\t\t\t\t<\/div>\n\t\t\t\t\t\t\t<div class=\"e-gallery-item elementor-gallery-item elementor-animated-content\">\n\t\t\t\t\t<div class=\"e-gallery-image elementor-gallery-item__image\" data-thumbnail=\"https:\/\/crtt.net\/cancerologie\/wp-content\/uploads\/sites\/3\/2024\/09\/CRTT-cancerologie-26-300x200.jpg\" data-width=\"300\" data-height=\"200\" aria-label=\"\" role=\"img\" ><\/div>\n\t\t\t\t\t\t\t\t\t\t\t<div class=\"elementor-gallery-item__overlay\"><\/div>\n\t\t\t\t\t\t\t\t\t\t\t\t\t\t<\/div>\n\t\t\t\t\t\t\t<div class=\"e-gallery-item elementor-gallery-item elementor-animated-content\">\n\t\t\t\t\t<div class=\"e-gallery-image elementor-gallery-item__image\" data-thumbnail=\"https:\/\/crtt.net\/cancerologie\/wp-content\/uploads\/sites\/3\/2024\/09\/CRTT-cancerologie-19-300x200.jpg\" data-width=\"300\" data-height=\"200\" aria-label=\"\" role=\"img\" ><\/div>\n\t\t\t\t\t\t\t\t\t\t\t<div class=\"elementor-gallery-item__overlay\"><\/div>\n\t\t\t\t\t\t\t\t\t\t\t\t\t\t<\/div>\n\t\t\t\t\t<\/div>\n\t\t\t\t\t<\/div>\n\t\t\t\t<\/div>\n\t\t\t\t<\/div>\n\t\t\t\t<\/div>\n\t\t","protected":false},"excerpt":{"rendered":"<p>Le CRTT est constitu\u00e9 d\u2019un centre d\u2019imagerie m\u00e9dicale ainsi que d\u2019un centre de canc\u00e9rologie situ\u00e9s \u00e0\u00a0Versailles \u00a0dans les locaux de la clinique des Franciscaines. Le groupe m\u00e9dical, qui avait cr\u00e9\u00e9 un cabinet d\u2019imagerie m\u00e9dicale et de cobaltoth\u00e9rapie au sein de la clinique de Meudon-la-For\u00eat lors de sa fondation en 1965, est \u00e0 l\u2019origine du C.R.T.T. [&hellip;]<\/p>\n","protected":false},"author":1,"featured_media":0,"parent":0,"menu_order":0,"comment_status":"closed","ping_status":"closed","template":"","meta":{"footnotes":""},"class_list":["post-2059","page","type-page","status-publish","hentry"],"_links":{"self":[{"href":"https:\/\/crtt.net\/cancerologie\/wp-json\/wp\/v2\/pages\/2059","targetHints":{"allow":["GET"]}}],"collection":[{"href":"https:\/\/crtt.net\/cancerologie\/wp-json\/wp\/v2\/pages"}],"about":[{"href":"https:\/\/crtt.net\/cancerologie\/wp-json\/wp\/v2\/types\/page"}],"author":[{"embeddable":true,"href":"https:\/\/crtt.net\/cancerologie\/wp-json\/wp\/v2\/users\/1"}],"replies":[{"embeddable":true,"href":"https:\/\/crtt.net\/cancerologie\/wp-json\/wp\/v2\/comments?post=2059"}],"version-history":[{"count":27,"href":"https:\/\/crtt.net\/cancerologie\/wp-json\/wp\/v2\/pages\/2059\/revisions"}],"predecessor-version":[{"id":3309,"href":"https:\/\/crtt.net\/cancerologie\/wp-json\/wp\/v2\/pages\/2059\/revisions\/3309"}],"wp:attachment":[{"href":"https:\/\/crtt.net\/cancerologie\/wp-json\/wp\/v2\/media?parent=2059"}],"curies":[{"name":"wp","href":"https:\/\/api.w.org\/{rel}","templated":true}]}}