{"id":12,"date":"2016-12-20T10:56:47","date_gmt":"2016-12-20T09:56:47","guid":{"rendered":"http:\/\/mg.crtt.net\/cancerologie\/?page_id=12"},"modified":"2024-09-13T12:29:04","modified_gmt":"2024-09-13T10:29:04","slug":"professionnel","status":"publish","type":"page","link":"https:\/\/crtt.net\/cancerologie\/professionnel\/","title":{"rendered":"Professionnels"},"content":{"rendered":"\t\t<div data-elementor-type=\"wp-page\" data-elementor-id=\"12\" class=\"elementor elementor-12\" data-elementor-post-type=\"page\">\n\t\t\t\t<div class=\"elementor-element elementor-element-a04beb5 e-con-full e-flex e-con e-parent\" data-id=\"a04beb5\" data-element_type=\"container\">\n\t\t<div class=\"elementor-element elementor-element-5679c9e e-con-full e-flex e-con e-child\" data-id=\"5679c9e\" data-element_type=\"container\">\n\t\t\t\t<div class=\"elementor-element elementor-element-8f311dc elementor-widget elementor-widget-heading\" data-id=\"8f311dc\" data-element_type=\"widget\" data-widget_type=\"heading.default\">\n\t\t\t\t<div class=\"elementor-widget-container\">\n\t\t\t\t\t<h2 class=\"elementor-heading-title elementor-size-default\">Nous participons aux R\u00e9unions de Concertations Pluridisciplinaires (&nbsp;RCP&nbsp;) suivantes :<\/h2>\t\t\t\t<\/div>\n\t\t\t\t<\/div>\n\t\t\t\t<div class=\"elementor-element elementor-element-7ee606b elementor-widget elementor-widget-text-editor\" data-id=\"7ee606b\" data-element_type=\"widget\" data-widget_type=\"text-editor.default\">\n\t\t\t\t<div class=\"elementor-widget-container\">\n\t\t\t\t\t\t\t\t\t<h5>Digestif<\/h5><ul><li>H\u00f4pital Percy<\/li><li>Clinique de la Maye \/ H\u00f4pital Priv\u00e9 de Versailles (clinique des franciscaines)<\/li><li>H\u00f4pital Antoine B\u00e9cl\u00e8re<\/li><li>H\u00f4pital Mignot<\/li><li>Clinique de Meudon<\/li><li>H\u00f4pital de Longjumeau<\/li><li>H\u00f4pital Priv\u00e9 de Massy<\/li><\/ul><h5>Gyn\u00e9co<\/h5><ul><li>H\u00f4pital Priv\u00e9 de Versailles (clinique des franciscaines)<\/li><li>H\u00f4pital Mignot<\/li><li>H\u00f4pital d\u2019Orsay<\/li><li>Clinique de Meudon<\/li><li>H\u00f4pital Antoine B\u00e9cl\u00e8re<\/li><li>H\u00f4pital Priv\u00e9 de Massy<\/li><\/ul><h5>Pneumologie<\/h5><ul><li>H\u00f4pital Percy<\/li><li>H\u00f4pital de Longjumeau<\/li><li>H\u00f4pital d\u2019Etampes (en lien avec l IMM)<\/li><\/ul><h5>Urologie<\/h5><ul><li>H\u00f4pital Mignot<\/li><li>H\u00f4pital Priv\u00e9 de Versailles (clinique des franciscaines) \/ Clinique de Parly 2<\/li><li>H\u00f4pital d\u2019Etampes<\/li><li>H\u00f4pital Priv\u00e9 de Massy<\/li><\/ul><h5>ORL<\/h5><ul><li>H\u00f4pital Mignot<\/li><li>H\u00f4pital Percy<\/li><\/ul><h5>Oncologie g\u00e9n\u00e9rale<\/h5><ul><li>H\u00f4pital Mignot<\/li><li>H\u00f4pital de Longjumeau<\/li><li>H\u00f4pital d\u2019Etampes et H\u00f4pital de Dourdan<\/li><li>H\u00f4pital d\u2019Arpajon<\/li><\/ul><h5>H\u00e9matologie<\/h5><ul><li>H\u00f4pital Antoine B\u00e9cl\u00e8re<\/li><\/ul>\t\t\t\t\t\t\t\t<\/div>\n\t\t\t\t<\/div>\n\t\t\t\t<\/div>\n\t\t<div class=\"elementor-element elementor-element-e0e9362 e-con-full e-flex e-con e-child\" data-id=\"e0e9362\" data-element_type=\"container\" data-settings=\"{&quot;background_background&quot;:&quot;classic&quot;}\">\n\t\t\t\t<div class=\"elementor-element elementor-element-92924ca elementor-widget elementor-widget-heading\" data-id=\"92924ca\" data-element_type=\"widget\" data-widget_type=\"heading.default\">\n\t\t\t\t<div class=\"elementor-widget-container\">\n\t\t\t\t\t<h2 class=\"elementor-heading-title elementor-size-default\">Actualit\u00e9s  du CRTT canc\u00e9rologie \u00e0 Versailles:<\/h2>\t\t\t\t<\/div>\n\t\t\t\t<\/div>\n\t\t\t\t<div class=\"elementor-element elementor-element-30d058d elementor-grid-1 elementor-posts--thumbnail-none elementor-grid-tablet-2 elementor-grid-mobile-1 elementor-widget elementor-widget-posts\" data-id=\"30d058d\" data-element_type=\"widget\" data-settings=\"{&quot;classic_columns&quot;:&quot;1&quot;,&quot;classic_row_gap&quot;:{&quot;unit&quot;:&quot;px&quot;,&quot;size&quot;:22,&quot;sizes&quot;:[]},&quot;classic_columns_tablet&quot;:&quot;2&quot;,&quot;classic_columns_mobile&quot;:&quot;1&quot;,&quot;classic_row_gap_tablet&quot;:{&quot;unit&quot;:&quot;px&quot;,&quot;size&quot;:&quot;&quot;,&quot;sizes&quot;:[]},&quot;classic_row_gap_mobile&quot;:{&quot;unit&quot;:&quot;px&quot;,&quot;size&quot;:&quot;&quot;,&quot;sizes&quot;:[]}}\" data-widget_type=\"posts.classic\">\n\t\t\t\t<div class=\"elementor-widget-container\">\n\t\t\t\t\t\t\t<div class=\"elementor-posts-container elementor-posts elementor-posts--skin-classic elementor-grid\" role=\"list\">\n\t\t\t\t<article class=\"elementor-post elementor-grid-item post-2770 post type-post status-publish format-standard hentry category-professionnels\" role=\"listitem\">\n\t\t\t\t<div class=\"elementor-post__text\">\n\t\t\t\t<h3 class=\"elementor-post__title\">\n\t\t\t<a href=\"https:\/\/crtt.net\/cancerologie\/2020\/04\/06\/inauguration-crtt-repoussee\/\" >\n\t\t\t\tInauguration CRTT repouss\u00e9e\t\t\t<\/a>\n\t\t<\/h3>\n\t\t\t\t<div class=\"elementor-post__excerpt\">\n\t\t\t<p>En raison de l&rsquo;\u00e9pid\u00e9mie actuelle de Covid 19, l&rsquo;inauguration des nouvelles installations du CRTT est repouss\u00e9e \u00e0 une date ult\u00e9rieure pour l&rsquo;instant non d\u00e9finie<\/p>\n\t\t<\/div>\n\t\t\n\t\t<a class=\"elementor-post__read-more\" href=\"https:\/\/crtt.net\/cancerologie\/2020\/04\/06\/inauguration-crtt-repoussee\/\" aria-label=\"En savoir plus sur Inauguration CRTT repouss\u00e9e\" tabindex=\"-1\" >\n\t\t\tLire la suite \u00bb\t\t<\/a>\n\n\t\t\t\t<\/div>\n\t\t\t\t<\/article>\n\t\t\t\t<article class=\"elementor-post elementor-grid-item post-2767 post type-post status-publish format-standard hentry category-patients category-professionnels\" role=\"listitem\">\n\t\t\t\t<div class=\"elementor-post__text\">\n\t\t\t\t<h3 class=\"elementor-post__title\">\n\t\t\t<a href=\"https:\/\/crtt.net\/cancerologie\/2020\/04\/06\/covid-19\/\" >\n\t\t\t\tCovid et Cancer\t\t\t<\/a>\n\t\t<\/h3>\n\t\t\t\t<div class=\"elementor-post__excerpt\">\n\t\t\t<p>Le centre de radioth\u00e9rapie reste ouvert pendant l&rsquo;\u00e9pid\u00e9mie de Covid 19. Tous les traitements de radioth\u00e9rapie d\u00e9but\u00e9s seront poursuivi. Les nouveaux traitements seront planifi\u00e9s en<\/p>\n\t\t<\/div>\n\t\t\n\t\t<a class=\"elementor-post__read-more\" href=\"https:\/\/crtt.net\/cancerologie\/2020\/04\/06\/covid-19\/\" aria-label=\"En savoir plus sur Covid et Cancer\" tabindex=\"-1\" >\n\t\t\tLire la suite \u00bb\t\t<\/a>\n\n\t\t\t\t<\/div>\n\t\t\t\t<\/article>\n\t\t\t\t<article class=\"elementor-post elementor-grid-item post-2761 post type-post status-publish format-standard hentry category-professionnels\" role=\"listitem\">\n\t\t\t\t<div class=\"elementor-post__text\">\n\t\t\t\t<h3 class=\"elementor-post__title\">\n\t\t\t<a href=\"https:\/\/crtt.net\/cancerologie\/2020\/02\/05\/inauguration-du-nouveau-service\/\" >\n\t\t\t\tInauguration du nouveau service\t\t\t<\/a>\n\t\t<\/h3>\n\t\t\t\t<div class=\"elementor-post__excerpt\">\n\t\t\t<p>Le 19 Mars 2020 \u00e0 partir de 20H Si vous n&rsquo;avez pas r\u00e9pondu par un autre moyen, merci de nous tenir au courant de votre<\/p>\n\t\t<\/div>\n\t\t\n\t\t<a class=\"elementor-post__read-more\" href=\"https:\/\/crtt.net\/cancerologie\/2020\/02\/05\/inauguration-du-nouveau-service\/\" aria-label=\"En savoir plus sur Inauguration du nouveau service\" tabindex=\"-1\" >\n\t\t\tLire la suite \u00bb\t\t<\/a>\n\n\t\t\t\t<\/div>\n\t\t\t\t<\/article>\n\t\t\t\t<article class=\"elementor-post elementor-grid-item post-2754 post type-post status-publish format-standard hentry category-patients category-professionnels\" role=\"listitem\">\n\t\t\t\t<div class=\"elementor-post__text\">\n\t\t\t\t<h3 class=\"elementor-post__title\">\n\t\t\t<a href=\"https:\/\/crtt.net\/cancerologie\/2019\/10\/29\/le-centre-saggrandit-2\/\" >\n\t\t\t\tLe centre s&rsquo;aggrandit\t\t\t<\/a>\n\t\t<\/h3>\n\t\t\t\t<div class=\"elementor-post__excerpt\">\n\t\t\t<p>Depuis le 7 octobre 2019, le centre est \u00e9quip\u00e9 d&rsquo;une 3\u00e8me et nouvelle machine de traitement de type Versa HD. Par ailleurs, la superficie des<\/p>\n\t\t<\/div>\n\t\t\n\t\t<a class=\"elementor-post__read-more\" href=\"https:\/\/crtt.net\/cancerologie\/2019\/10\/29\/le-centre-saggrandit-2\/\" aria-label=\"En savoir plus sur Le centre s&rsquo;aggrandit\" tabindex=\"-1\" >\n\t\t\tLire la suite \u00bb\t\t<\/a>\n\n\t\t\t\t<\/div>\n\t\t\t\t<\/article>\n\t\t\t\t<article class=\"elementor-post elementor-grid-item post-2638 post type-post status-publish format-standard has-post-thumbnail hentry category-patients category-professionnels\" role=\"listitem\">\n\t\t\t\t<div class=\"elementor-post__text\">\n\t\t\t\t<h3 class=\"elementor-post__title\">\n\t\t\t<a href=\"https:\/\/crtt.net\/cancerologie\/2017\/02\/16\/rayons-x\/\" >\n\t\t\t\tRayons X\t\t\t<\/a>\n\t\t<\/h3>\n\t\t\t\t<div class=\"elementor-post__excerpt\">\n\t\t\t<p>En 1895, un chercheur allemand du nom de Wilhelm Roentgen d\u00e9couvre une source de rayons invisibles qui sont capables de traverser la mati\u00e8re. La nature<\/p>\n\t\t<\/div>\n\t\t\n\t\t<a class=\"elementor-post__read-more\" href=\"https:\/\/crtt.net\/cancerologie\/2017\/02\/16\/rayons-x\/\" aria-label=\"En savoir plus sur Rayons X\" tabindex=\"-1\" >\n\t\t\tLire la suite \u00bb\t\t<\/a>\n\n\t\t\t\t<\/div>\n\t\t\t\t<\/article>\n\t\t\t\t<\/div>\n\t\t\n\t\t\t\t\t\t<\/div>\n\t\t\t\t<\/div>\n\t\t\t\t<\/div>\n\t\t\t\t<\/div>\n\t\t\t\t<\/div>\n\t\t","protected":false},"excerpt":{"rendered":"<p>Nous participons aux R\u00e9unions de Concertations Pluridisciplinaires (&nbsp;RCP&nbsp;) suivantes : Digestif H\u00f4pital Percy Clinique de la Maye \/ H\u00f4pital Priv\u00e9 de Versailles (clinique des franciscaines) H\u00f4pital Antoine B\u00e9cl\u00e8re H\u00f4pital Mignot Clinique de Meudon H\u00f4pital de Longjumeau H\u00f4pital Priv\u00e9 de Massy Gyn\u00e9co H\u00f4pital Priv\u00e9 de Versailles (clinique des franciscaines) H\u00f4pital Mignot H\u00f4pital d\u2019Orsay Clinique de Meudon [&hellip;]<\/p>\n","protected":false},"author":1,"featured_media":0,"parent":0,"menu_order":0,"comment_status":"closed","ping_status":"closed","template":"","meta":{"footnotes":""},"class_list":["post-12","page","type-page","status-publish","hentry"],"_links":{"self":[{"href":"https:\/\/crtt.net\/cancerologie\/wp-json\/wp\/v2\/pages\/12","targetHints":{"allow":["GET"]}}],"collection":[{"href":"https:\/\/crtt.net\/cancerologie\/wp-json\/wp\/v2\/pages"}],"about":[{"href":"https:\/\/crtt.net\/cancerologie\/wp-json\/wp\/v2\/types\/page"}],"author":[{"embeddable":true,"href":"https:\/\/crtt.net\/cancerologie\/wp-json\/wp\/v2\/users\/1"}],"replies":[{"embeddable":true,"href":"https:\/\/crtt.net\/cancerologie\/wp-json\/wp\/v2\/comments?post=12"}],"version-history":[{"count":9,"href":"https:\/\/crtt.net\/cancerologie\/wp-json\/wp\/v2\/pages\/12\/revisions"}],"predecessor-version":[{"id":3353,"href":"https:\/\/crtt.net\/cancerologie\/wp-json\/wp\/v2\/pages\/12\/revisions\/3353"}],"wp:attachment":[{"href":"https:\/\/crtt.net\/cancerologie\/wp-json\/wp\/v2\/media?parent=12"}],"curies":[{"name":"wp","href":"https:\/\/api.w.org\/{rel}","templated":true}]}}